
{"id":9792,"date":"2016-06-22T16:50:44","date_gmt":"2016-06-22T16:50:44","guid":{"rendered":"http:\/\/www.dravillanueva.com\/medicinaestetica\/?page_id=9792"},"modified":"2026-04-29T13:49:53","modified_gmt":"2026-04-29T11:49:53","slug":"dra-cristina-villanueva","status":"publish","type":"page","link":"https:\/\/dravillanueva.com\/medicina-estetica\/dra-cristina-villanueva\/","title":{"rendered":"Dra Cristina Villanueva"},"content":{"rendered":"\n  <div class=\"banner has-hover\" id=\"banner-1586600166\">\n          <div class=\"banner-inner fill\">\n        <div class=\"banner-bg fill\" >\n            <div class=\"bg fill bg-fill \"><\/div>\n                        <div class=\"overlay\"><\/div>            \n                    <\/div>\n\t\t\n        <div class=\"banner-layers container\">\n            <div class=\"fill banner-link\"><\/div>            \n        <\/div>\n      <\/div>\n\n            \n<style>\n#banner-1586600166 {\n  padding-top: 400px;\n}\n#banner-1586600166 .bg.bg-loaded {\n  background-image: url(https:\/\/dravillanueva.com\/medicina-estetica\/wp-content\/uploads\/Dra-Cristina-Villanueva-1.jpg);\n}\n#banner-1586600166 .overlay {\n  background-color: rgba(0, 0, 0, 0.6);\n}\n#banner-1586600166 .bg {\n  background-position: 50% 9%;\n}\n#banner-1586600166 .ux-shape-divider--top svg {\n  height: 150px;\n  --divider-top-width: 100%;\n}\n#banner-1586600166 .ux-shape-divider--bottom svg {\n  height: 150px;\n  --divider-width: 100%;\n}\n<\/style>\n  <\/div>\n\n\n<div class=\"row\"  id=\"row-195736712\">\n\n\t<div id=\"col-1761721040\" class=\"col small-12 large-12\"  >\n\t\t\t\t<div class=\"col-inner\"  >\n\t\t\t\n\t\t\t\n\t<div id=\"gap-504377232\" class=\"gap-element clearfix\" style=\"display:block; height:auto;\">\n\t\t\n<style>\n#gap-504377232 {\n  padding-top: 40px;\n}\n<\/style>\n\t<\/div>\n\t\n<h2 class=\"uppercase\" style=\"text-align: center;\">DRA CRISTINA VILLANUEVA<\/h2>\n<h3 style=\"text-align: center;\">Desde esta p\u00e1gina web y con el deseo de poderlo hacer personalmente, quiero darte la bienvenida a nuestra consulta.<\/h3>\n\t<div id=\"gap-887146971\" class=\"gap-element clearfix\" style=\"display:block; height:auto;\">\n\t\t\n<style>\n#gap-887146971 {\n  padding-top: 40px;\n}\n<\/style>\n\t<\/div>\n\t\n<div class=\" vc_custom_1571073011710\">\n<div id=\"text-block-4\" class=\"mk-text-block\">Son m\u00e1s de 25 a\u00f1os dedicada profesionalmente a la medicina est\u00e9tica, la cirug\u00eda pl\u00e1stica y la cirug\u00eda est\u00e9tica. Desde hace 11 a\u00f1os he iniciado mi nuevo proyecto profesional, la cl\u00ednica Dra. Villanueva, gracias a la confianza de mis pacientes y mis inquietudes de superaci\u00f3n profesional. En este reto apasionante, mi nuevo equipo y yo estamos trabajando para dar respuesta a tus necesidades siguiendo con nuestra filosof\u00eda: seguridad, naturalidad y trato personalizado en un entorno agradable.Nuestra imagen forma parte de lo que somos ahora y de c\u00f3mo seremos en el futuro. Estar de acuerdo con la imagen que ofrecemos de nosotros mismos contribuye a mejorar nuestra autoestima y, por tanto, facilita la relaci\u00f3n con nuestro entorno. Estar en armon\u00eda con nuestra imagen es esencial para sentirnos bien.Durante a\u00f1os me he especializado en el tratamiento y prevenci\u00f3n del envejecimiento facial sin cirug\u00eda; actualmente disponemos de t\u00e9cnicas espec\u00edficas que, sin necesidad de pasar por el quir\u00f3fano, nos permiten rejuvenecer y conservar esta mejora en el tiempo de una manera completamente natural y segura.En medicina es muy importante el diagn\u00f3stico; por ello es indispensable llevar a cabo un estudio personalizado en cada caso, que nos permita indicar el mejor tratamiento. La utilizaci\u00f3n de los mejores productos \u2013 siempre con autorizaci\u00f3n sanitaria \u2013 \u00a0y la t\u00e9cnica m\u00e1s precisa, fruto del conocimiento anat\u00f3mico que nos ha reportado nuestra experiencia quir\u00fargica, nos permiten conseguir resultados totalmente naturales y seguros.<\/div>\n<\/div>\n\t<div id=\"gap-1053081056\" class=\"gap-element clearfix\" style=\"display:block; height:auto;\">\n\t\t\n<style>\n#gap-1053081056 {\n  padding-top: 40px;\n}\n<\/style>\n\t<\/div>\n\t\n<blockquote>\n<p>Estar de acuerdo con la imagen que ofrecemos de nosotros mismos contribuye a mejorar nuestra autoestima y, por tanto, facilita la relaci\u00f3n con nuestro entorno. Estar en armon\u00eda con nuestra imagen es esencial para sentirnos bien. <strong>Dra Cristina Villanueva<\/strong><\/p>\n<\/blockquote>\n\t<div id=\"gap-1214932606\" class=\"gap-element clearfix\" style=\"display:block; height:auto;\">\n\t\t\n<style>\n#gap-1214932606 {\n  padding-top: 40px;\n}\n<\/style>\n\t<\/div>\n\t\n\t\t<\/div>\n\t\t\t\t\t<\/div>\n\n\t\n<\/div>\n\t<section class=\"section\" id=\"section_894044676\">\n\t\t<div class=\"bg section-bg fill bg-fill  bg-loaded\" >\n\n\t\t\t\n\t\t\t\n\t\t\t\n\n\t\t<\/div>\n\n\t\t\n\n\t\t<div class=\"section-content relative\">\n\t\t\t\n\t<div id=\"gap-901037270\" class=\"gap-element clearfix\" style=\"display:block; height:auto;\">\n\t\t\n<style>\n#gap-901037270 {\n  padding-top: 40px;\n}\n<\/style>\n\t<\/div>\n\t\n<div class=\"row\"  id=\"row-485883958\">\n\n\t<div id=\"col-559362198\" class=\"col medium-5 small-12 large-5\"  >\n\t\t\t\t<div class=\"col-inner\"  >\n\t\t\t\n\t\t\t\n<h3>TITULACI\u00d3N ACAD\u00c9MICA<\/h3>\n<p><strong>Formaci\u00f3n multidisciplinar que garantiza una visi\u00f3n global e integral de la medicina est\u00e9tica:<\/strong><\/p>\n<ul>\n<li>Licenciada en Medicina y Cirug\u00eda por la Universitat de Barcelona en el a\u00f1o 1982 con el grado\u00a0 de sobresaliente.<\/li>\n<li>Especialista en Cirug\u00eda Pl\u00e1stica, Est\u00e9tica y Reparadora. -Ministerio de Educaci\u00f3n y Ciencia. Madrid, 2002.<\/li>\n<li>M\u00e1ster en Cirug\u00eda Est\u00e9tica por la Universitat Aut\u00f3noma de Barcelona, 1992\u20111993.<\/li>\n<li>Curso de Postgrado en Diet\u00e9tica y Nutrici\u00f3n. Universitat Aut\u00f3noma de Barcelona. 1994-95<\/li>\n<li>M\u00e1ster en Laser m\u00e9dico-quir\u00fargico y Medicina fot\u00f3nica por la Universitat Polit\u00e8cnica de Catalunya. 2007-2008.<\/li>\n<li>ESADE, Programa para Directivos Propietarios Abril &#8211; Julio 2019<\/li>\n<\/ul>\n\t<div id=\"gap-390932063\" class=\"gap-element clearfix\" style=\"display:block; height:auto;\">\n\t\t\n<style>\n#gap-390932063 {\n  padding-top: 30px;\n}\n<\/style>\n\t<\/div>\n\t\n<h3>ASOCIACIONES PROFESIONALES<\/h3>\n<ul>\n<li>Miembro del Colegio Oficial de M\u00e9dicos de Barcelona desde 1982. Colegiado n\u00ba 18138,<\/li>\n<li>Miembro de la Acad\u00e8mia de Ci\u00e8ncias M\u00e8diques de Catalunya desde 1988.<\/li>\n<li>Miembro de la Societat Catalana de Cirurgia Pl\u00e0stica i Est\u00e8tica desde 1988<\/li>\n<li>Miembro de la Sociedad Espa\u00f1ola de Cirug\u00eda Pl\u00e1stica, Reparadora y Est\u00e9tica desde 1990.<\/li>\n<li>Miembro de la Sociedad Espa\u00f1ola de Medicina Est\u00e9tica desde 2011.<\/li>\n<li>Local Ambassador de Laboratorios Allergan desde 2011<\/li>\n<li>Miembro del\u201d Advisory Board of Vistabel \u201cde Laboratorios Allergan.<\/li>\n<\/ul>\n\t\t<\/div>\n\t\t\t\t\t<\/div>\n\n\t\n\n\t<div id=\"col-1079751260\" class=\"col medium-7 small-12 large-7\"  >\n\t\t\t\t<div class=\"col-inner\"  >\n\t\t\t\n\t\t\t\n<h3>ACTIVIDAD PROFESIONAL<\/h3>\n<p><strong>La combinaci\u00f3n del desarrollo de la actividad de mi cl\u00ednica junto a la actividad docente nacional e internacional, me permiten tener conocimiento de las \u00faltimas t\u00e9cnicas y productos:<\/strong><\/p>\n<ul>\n<li>Profesora del M\u00e1ster Universitario en T\u00e9cnicas Avanzadas de Medicina Est\u00e9tica, Cosm\u00e9tica y Regenerativa. Universidad Pablo de Olavide, Fundaci\u00f3n Cl\u00ednica Roc\u00edo V\u00e1zquez, Sevilla. Desde 2019.<\/li>\n<li>Colaboradora Mutua General de Catalunya desde Mayo 2012.<\/li>\n<li>Profesora del M\u00e1ster Avanzado en T\u00e9cnicas Est\u00e9ticas y L\u00e1ser de la Universidad Cardenal Herrera desde 2012<\/li>\n<li>Directora de la Cl\u00ednica Dra. Villanueva desde Setiembre 2011.<\/li>\n<li>Faculty Member Of The Allergan Medical Institute.<\/li>\n<li>\u201cKey opinion leader\u201d Laboratorios Allergan.<\/li>\n<li>Formadora en cursos nacionales e internacionales de rejuvenecimiento facial sin cirug\u00eda desde 1995.<\/li>\n<li>Colaboradora de la Cl\u00ednica Belodonte desde Septiembre 2007 hasta Mayo 2015.<\/li>\n<li>M\u00e9dico colaborador del Servicio de Cirug\u00eda Pl\u00e1stica, Reparadora y Est\u00e9tica de la Cl\u00ednica Quir\u00f3n de Barcelona. Desde Septiembre 1997 hasta Julio 2011. Jefe de Servicio: Dr. Antonio Tapia Mart\u00ednez.<\/li>\n<li>Responsable de la Unidad de rejuvenecimiento facial sin cirug\u00eda del Instituto Tapia de Barcelona desde el a\u00f1o1997 hasta julio 2011.<\/li>\n<li>M\u00e9dico asistente del Servicio de Cirug\u00eda Pl\u00e1stica, Reparadora y Est\u00e9tica del Hospital Universitari Germans Trias y Pujol de Badalona desde Enero 1991 hasta Enero 1993. Jefe del Servicio: Dr. Vicente Gonzalez Mestre.<\/li>\n<li>M\u00e9dico colaborador del Servicio de Cirug\u00eda Pl\u00e1stica, Reparadora y Est\u00e9tica de la Cl\u00ednica Sant Honorat de Barcelona desde Septiembre de 1982 hasta Julio de 1997. Jefe del Servicio: Dr. Antonio Tapia Martinez.<\/li>\n<li>M\u00e9dico colaborador del Servicio de Cirug\u00eda Pl\u00e1stica del Hospital General de Mollet. Septiembre 1987- Diciembre 1987<\/li>\n<li>M\u00e9dico asistente del Servicio de Urgencias en Medicina Interna del Hospital Cl\u00ednico y Provincial de Barcelona \u2013 1982-1983<\/li>\n<li>M\u00e9dico asistente del Servicio de Cirug\u00eda General de la Cl\u00ednica Sant Jordi. Barcelona. De Enero hasta Septiembre de 1982.<\/li>\n<\/ul>\n\t\t<\/div>\n\t\t\t\t\t<\/div>\n\n\t\n<\/div>\n\t<div id=\"gap-1581376799\" class=\"gap-element clearfix\" style=\"display:block; height:auto;\">\n\t\t\n<style>\n#gap-1581376799 {\n  padding-top: 40px;\n}\n<\/style>\n\t<\/div>\n\t\n\t\t<\/div>\n\n\t\t\n<style>\n#section_894044676 {\n  padding-top: 30px;\n  padding-bottom: 30px;\n  background-color: rgb(242, 242, 242);\n}\n#section_894044676 .ux-shape-divider--top svg {\n  height: 150px;\n  --divider-top-width: 100%;\n}\n#section_894044676 .ux-shape-divider--bottom svg {\n  height: 150px;\n  --divider-width: 100%;\n}\n<\/style>\n\t<\/section>\n\t\n\t<section class=\"section\" id=\"section_1077451239\">\n\t\t<div class=\"bg section-bg fill bg-fill  bg-loaded\" >\n\n\t\t\t\n\t\t\t\n\t\t\t\n\n\t\t<\/div>\n\n\t\t\n\n\t\t<div class=\"section-content relative\">\n\t\t\t\n\t<div id=\"gap-960543088\" class=\"gap-element clearfix\" style=\"display:block; height:auto;\">\n\t\t\n<style>\n#gap-960543088 {\n  padding-top: 40px;\n}\n<\/style>\n\t<\/div>\n\t\n<div class=\"row\"  id=\"row-1079613206\">\n\n\t<div id=\"col-349189660\" class=\"col small-12 large-12\"  >\n\t\t\t\t<div class=\"col-inner\"  >\n\t\t\t\n\t\t\t\n<h3>PONENCIAS Y EXPOSICIONES IMPARTIDAS TE\u00d3RICO-PR\u00c1CTICAS<\/h3>\n<h4><strong>2021 &#8211;\u00a0 2026<\/strong><\/h4>\n<ul>\n<li>Toxpert on Tour Allergan Aesthetic. Santiago de Compostela, 16 de abril 2026.<\/li>\n<li>41\u00ba CONGRESO NACIONAL DE LA SOCIEDAD ESPA\u00d1OLA DE MEDICINA EST\u00c9TICA. M\u00e1laga, 12-14 de febrero 2026<\/li>\n<li>M\u00e1ster Universitario en T\u00e9cnicas Avanzadas de Medicina Est\u00e9tica, Cosm\u00e9tica y Regenerativa. Universidad Pablo de Olavide, Fundaci\u00f3n Cl\u00ednica Roc\u00edo V\u00e1zquez. Sevilla, 11 de febrero 2026<\/li>\n<li>Hands On de Allergan. Madrid 6-7 de noviembre 2025<\/li>\n<li>TOXPERT ALLERGAN AESTHETIC. Bilbao, 14 de noviembre 2025<\/li>\n<li>TOXPERT ON TOUR ALLERGAN AESTHETIC. Madrid, 10 de octubre 2025.<\/li>\n<li>Train the Trainers, Madrid, 17 de enero 2025.<\/li>\n<li>53\u00aa Reuni\u00f3n de la Sociedad Portuguesa de Cirug\u00eda Pl\u00e1stica, Reconstructiva y Est\u00e9tica.<\/li>\n<li>TOXPERT ALLERGAN AESTHETIC. Alicante, 27-28 de septiembre.<\/li>\n<li>TOXPERT ALLERGAN AESTHETIC. Madrid, 13 de abril 2024.<\/li>\n<li>WEBINARS: Diagn\u00f3stico del tercio superior y medio. AMITT FACULTY. Abril 2024.<\/li>\n<li>AMI 10 2014-2024 ALLERGAN MEDIAL INSTITUT, Madrid 21-22 de marzo.<\/li>\n<li>M\u00e1ster Universitario en T\u00e9cnicas Avanzadas de Medicina Est\u00e9tica, Cosm\u00e9tica y Regenerativa. Universidad Pablo de Olavide, Fundaci\u00f3n Cl\u00ednica Roc\u00edo V\u00e1zquez. Sevilla, 8 de febrero 2024.<\/li>\n<li>M\u00e1ster Universitario en T\u00e9cnicas Avanzadas de Medicina Est\u00e9tica y L\u00e1ser de la Universidad Cardenal Herrera. Valencia, 16 y 17 de febrero 2024<\/li>\n<li>39\u00ba CONGRESO NACIONAL DE LA SOCIEDAD ESPA\u00d1OLA DE MEDICINA EST\u00c9TICA. M\u00e1laga, 22-24 de febrero 2024.<\/li>\n<li>Master Class sobre la actualizaci\u00f3n en neuromoduladores y tratamiento Full Face con \u00e1cido hialur\u00f3nico, Valencia 20 de octubre de 2023<br \/>Top Expert, actualizaci\u00f3n en neuromoduladores, Barcelona 27 de octubre 2023.<\/li>\n<li>Curso te\u00f3rico pr\u00e1ctico sobre neuromoduladores. La Coru\u00f1a 29 septiembre 2023.<\/li>\n<li>Hands-On Centro de Excelencia Allergan Medical Institute de Allergan Aesthetics. Madrid, 13-14 de julio 2023.<\/li>\n<li>Hands-On Centro de Excelencia Allergan Medical Institute de Allergan Aesthetics. Madrid, 22-23 de junio 2023.<\/li>\n<li>ADVISORY BOARD de Allergan. Madrid, 9 de junio 2023.<\/li>\n<li>Hands-On Allergan. Madrid, 14 de abril 2023.<\/li>\n<li>Allergan Aesthetic en Myriad Cristal Center. \u201cLos Neuromoduladores\u201d Lisboa, 15-16 de abril 2023.<\/li>\n<li>Congreso Body and Face, Colegio de M\u00e9dicos. Alicante, 20-21 de abril 2023.<\/li>\n<li>Allergan Aesthetic Toxpets: \u201cTratamiento con Neuromoduladores y mi experiencia\u201d Madrid, 25 de marzo 2023.<\/li>\n<li>MODERADORA: Seccio col.legial de metges d\u2019est\u00e9tica. Seminari profesional. \u201cNOUS HORITZONS EN L\u2019US DE LA TOXINA BOTULINICA\u201d Col.legi de Metges de Barcelona (CoMB) Barcelona, 11 de mar\u00e7 2023.<\/li>\n<li>M\u00e1ster Universitario en T\u00e9cnicas Avanzadas de Medicina Est\u00e9tica, Cosm\u00e9tica y Regenerativa. Universidad Pablo de Olavide, Fundaci\u00f3n Cl\u00ednica Roc\u00edo V\u00e1zquez. Sevilla, 10 Y 11 de febrero 2023.<\/li>\n<li>38\u00ba CONGRESO NACIONAL DE LA SOCIEDAD ESPA\u00d1OLA DE MEDICINA EST\u00c9TICA. M\u00e1laga, 23-25de febrero 2023.<\/li>\n<li>M\u00e1ster formaci\u00f3n permanente en t\u00e9cnicas avanzadas est\u00e9ticas y l\u00e1ser. Universidad San Pablo. 13 de enero, Madrid.<\/li>\n<li>II Jornades de l\u2019associaci\u00f3 de Metges Estetics de Catalunya. Barcelona, 26 de noviembre de 2022<\/li>\n<li>Curso anatom\u00eda aplicada al tratamiento de la toxina botul\u00ednica. Madrid, 30 de junio y 1 de julio 2022<\/li>\n<li><span lang=\"EN-US\">ToxpertEvent \u2013 Emotion in motion. Madrid. 31 de mayo 2022<\/span><\/li>\n<li>AMI (Allergan Medical Institute) Madrid, 19-20-21 y 22 de mayo 2022<\/li>\n<li>Curso Hands On. Mardrid, 17 y 18 de marzo 2022.<\/li>\n<li>Curso monogr\u00e1fico de Medicina Est\u00e9tica de la Sociedad Espa\u00f1ola de Cirug\u00eda Pl\u00e1stica, Reparadora y Est\u00e9tica. 21-1-22<\/li>\n<li>M\u00e1ster Universitario en T\u00e9cnicas Avanzadas de Medicina Est\u00e9tica, Cosm\u00e9tica y Regenerativa. Universidad Pablo de Olavide, Fundaci\u00f3n Cl\u00ednica Roc\u00edo V\u00e1zquez. Sevilla, 4 de febrero 2022<\/li>\n<li>M\u00e1ster Universitario en T\u00e9cnicas Avanzadas de Medicina Est\u00e9tica y L\u00e1ser de la Universidad Cardenal Herrera. Valencia, 11 y 12 de febrero 2022<\/li>\n<li>SECCPRE, SOCIETAT CATALANA CIRURGIA PLASTICA ESTETICA I REPARADORA. \u201cRejuvenecimiento facial no quir\u00fargico, cuenta hasta 10 antes de operar\u201d. 12 enero 21, ON LINE.<\/li>\n<li>ADVISORY BOARD, Vistabel en el contexto actual. 6 febrero 2021, ON LINE.<\/li>\n<li>MASTER UNIVERSITARIO EN TECNICAS AVANZADAS ESTETICAS Y LASER. Universidad Cardenal Herrera Valencia, \u201cTratamientos con neuromoduladores\u201d. 16 febrero 2021, ON LINE.<\/li>\n<li>MASTER UNIVERSITARIO EN TECNICAS AVANZADAS ESTETICAS Y LASER. Pr\u00e1cticas de infiltraci\u00f3n de neuromoduladores. Valencia, 6 marzo 21.<\/li>\n<li>Curso Te\u00f3rico Pr\u00e1ctico impartido ON LINE, \u201cTratamiento del tercio superior de la cara con neuromoduladores\u201d, Para m\u00e9dicos de Centros \u00danico. Barcelona ,8 marzo 2021.<\/li>\n<li>2 cursos Hands -on para AMI ( ALLERGAN AESTHETIC ACADEMY). Talleres te\u00f3rico practico de voluminizaci\u00f3n facial metodolog\u00eda MD-CODES, Madrid, 11 marzo 2021.<\/li>\n<li>Curso pr\u00e1ctico de inyecci\u00f3n de neuromoduladores para m\u00e9dicos Centros Unico. Madrid ,12 Marzo 2021.<\/li>\n<li>Kick off Toxpert Forum preparaci\u00f3n symposium. On Line. 9 abril 2021.<\/li>\n<li>Segunda Reuni\u00f3n preparaci\u00f3n Toxpert Forum. Madrid ,22 mayo 2021.<\/li>\n<li>TOXIN SUMMIT : EL VALOR DE LA EXCELENCIA. \u201c Anatom\u00eda del tercio superior, patrones musculares , protocolo de diagn\u00f3stico y t\u00e9cnicas de inyecci\u00f3n\u201d. Barcelona, 3 julio 2021.<\/li>\n<li>2 cursos Hands -on para AMI ( ALLERGAN AESTHETIC ACADEMY). Talleres te\u00f3rico pr\u00e1ctico de voluminizaci\u00f3n y refinamiento facial metodolog\u00eda MD-CODES. Madrid,14 julio 2021.<\/li>\n<\/ul>\n\t<div id=\"gap-1376372022\" class=\"gap-element clearfix\" style=\"display:block; height:auto;\">\n\t\t\n<style>\n#gap-1376372022 {\n  padding-top: 30px;\n}\n<\/style>\n\t<\/div>\n\t\n<div class=\"accordion\" rel=\"\">\n<div class=\"accordion-item\"><a href=\"#\" class=\"accordion-title plain\"><button class=\"toggle\" aria-label=\"Toggle\"><i class=\"icon-angle-down\"><\/i><\/button><span>2019-2020<\/span><\/a><div class=\"accordion-inner\">\n<ul>\n<li>ALLERGAN MASTERCLASS DIGITAL TALKS. ON LINE \u201cTratamiento del tercio superior de la cara con neuromoduladores\u201d, 23 abril 2020. \u201cPreguntas sobre neuromoduladores\u201d, 24 abril 2020.<\/li>\n<li>ALLERGAN MASTERCLASS MIOMODULACION. ON LINE. \u201cMiomodulaci\u00f3n del tercio superior con neuromoduladores\u201d, \u201cMesa redonda y preguntas sobre Miomodulaci\u00f3n\u201d, 2 junio 2020.<\/li>\n<li>ENCUENTRO DE EXPERTOS EN MEDICINA ESTETICA. ON LINE. Moderadora de la mesa redonda. \u201cLa ciencia de una piel sana y radiante\u201d, 20 octubre 2020.<\/li>\n<li>AMI ALLERGAN. ON LINE. \u201ccurso de neuromodulaci\u00f3n te\u00f3rico pr\u00e1ctico\u201d. Grabaci\u00f3n desde la consulta. 29 octubre 2020.<\/li>\n<li>SEME 2021. Simposio Allergan Aesthetic: La diversidad de Vistabel, \u201cCada paciente es \u00fanico\u201d. 16 febrero 2020.<\/li>\n<li>M\u00e1ster Universitario en T\u00e9cnicas Avanzadas de Medicina Est\u00e9tica, Cosm\u00e9tica y Regenerativa. Universidad Pablo de Olavide, Fundaci\u00f3n Cl\u00ednica Roc\u00edo V\u00e1zquez. \u00bb Indicaciones Avanzadas en tratamientos con neuromoduladores\u00bb &#8211; Sevilla, 7 de febrero 2020<\/li>\n<li>M\u00e1ster Universitario en T\u00e9cnicas Avanzadas\u00a0 Est\u00e9ticas y L\u00e1ser de la Universidad Cardenal Herrera. \u00abIndicaciones B\u00e1sicas y avanzadas en tratamientos con neuromoduladores\u00bb &#8211; Valencia, 14 y 15 de febrero 2020<\/li>\n<li>Curso Monogr\u00e1fico de la SECPRE sobre Tratamientos M\u00e9dico-Est\u00e9ticos. \u201dTratamiento con neuromoduladores: Cu\u00e1ndo un paciente es un caso dif\u00edcil\u201c &#8211; A Coru\u00f1a. 18 de enero 2020<\/li>\n<li>GLOWFORWARD\u00a0 del Allergan Medical Institute. Madrid, 8 de junio 2019<\/li>\n<li>M\u00e1ster Universitario en T\u00e9cnicas Avanzadas de Medicina Est\u00e9tica, Cosm\u00e9tica y Regenerativa. Universidad Pablo de Olavide, Fundaci\u00f3n Cl\u00ednica Roc\u00edo V\u00e1zquez. Sevilla, 5 de junio 2019<\/li>\n<li>Mesa\u00a0 sobre \u201cNuevas fronteras en la est\u00e9tica m\u00ednimamente invasiva\u201d: \u201cIndicaciones avanzadas de la neuromodulaci\u00f3n\u201d 53 CONGRESO NACIONAL SECPRE (Sociedad Espa\u00f1ola de Cirug\u00eda Pl\u00e1stica, Reparadora y Est\u00e9tica. Madrid, 22 de mayo 2019<\/li>\n<li>Allergan \u201cEl arte y la ciencia de redefinir el tercio inferior\u201d IMO (Instituto de Microcirug\u00eda Ocular) Barcelona, 10 de mayo 2019<\/li>\n<li>BEAUTY DECODED LIVE.\u00a0 Barcelona, 2 de abril 2019<\/li>\n<li>M\u00e1ster Universitario en T\u00e9cnicas Avanzadas\u00a0 Est\u00e9ticas y L\u00e1ser de la Universidad Cardenal Herrera. Valencia, 8 y 9 de febrero 2019<\/li>\n<\/ul>\n<\/div><\/div>\n<div class=\"accordion-item\"><a href=\"#\" class=\"accordion-title plain\"><button class=\"toggle\" aria-label=\"Toggle\"><i class=\"icon-angle-down\"><\/i><\/button><span>2016-2018<\/span><\/a><div class=\"accordion-inner\">\n<ul>\n<li>\n<div>AMI Expert Forum de neuromodulaci\u00f3n de Allergan. Madrid, 1-2 de diciembre 2018<\/div>\n<\/li>\n<li>\n<div>XLVIII REUNIAO Sociedade Portuguesa de Cirugia Pl\u00e1stica, Reconstructiva e Est\u00e9tica. Porto, 16-17 de noviembre 2018<\/div>\n<\/li>\n<li>\n<div>Beauty Bridal Day. Barcelona, 20 de octubre 2018<\/div>\n<\/li>\n<li>XIX Curso de L\u00e1ser M\u00e9dico Quir\u00fargico. Clinica Planas, Barcelona 18-19-20 de octubre 2018<\/li>\n<li>Mastes Class neuromodulaci\u00f3n. Sevilla, 30 de Junio 2018<\/li>\n<li>Mastes Class neuromodulaci\u00f3n. Tenerife, 9 de Junio 2018<\/li>\n<li>Bases anat\u00f3micas para el tratamiento de voluminizadores faciales. Sociedad Catalana de Cirug\u00eda Pl\u00e1stica, Reparadora i Est\u00e9tica. Barcelona, 12 de mayo 2018<\/li>\n<li>\n<div>Charla Anatom\u00eda Facial. SCCPRE. Academia de Ciencias M\u00e9dicas. Barcelona, 12 de marzo 2018<\/div>\n<\/li>\n<li>\n<div>Workshop Indicaciones de la neuromodulaci\u00f3n de Allergan , Madrid 9 de marzo<\/div>\n<\/li>\n<li>\n<div>Expert Meeting, Allergan. Sevilla, 2 de marzo 2018<\/div>\n<\/li>\n<li>Modulo Facial (IV) T\u00e9cnicas B\u00e1sicas y Avanzadas de Inyecci\u00f3n de neuromoduladores con Fines Est\u00e9ticos. M\u00e1ster Universitario en T\u00e9cnicas Avanzadas Est\u00e9ticas y L\u00e1ser de la Universidad Cardenal Herrera. Valencia, 16 y 17 de febrero 2018<\/li>\n<li>\n<div>XVIII Curso de L\u00e1ser M\u00e9dico Quir\u00fargico. Cl\u00ednica Planas, Barcelona 19 al 21 de octubre 2017<\/div>\n<ul>\n<li>\n<div>Como mejorar la mirada con la neuromodulaci\u00f3n y rellenos d\u00e9rmicos de \u00e1cido hialur\u00f3nico<\/div>\n<\/li>\n<\/ul>\n<\/li>\n<li>M\u00e1ster Class de Vycross. Canarias 1 de julio 2017<\/li>\n<li>Taller Allergan. Zaragoza, 19 de Mayo de 2017<\/li>\n<li>Cosmobeaty. Barcelona 2 de Abril de 2017<\/li>\n<li>Taller Allergan.\u00a0 Granada, 1 de Abril de 2017<\/li>\n<li>BRIM (Barcelona Rejuvenation International Meeting) Barcelona, 11 de marzo de 2017<\/li>\n<li>Jornada de Residentes de la Secpre.\u00a0 Barcelona, 10 de marzo 2017\n<ul>\n<li>Rejuvenecimiento Facial No Quir\u00fargico: Nivel I<\/li>\n<\/ul>\n<\/li>\n<li>XXXII Congreso Nacional de la SEME. 16 de febrero, M\u00e1laga<\/li>\n<li>Taller de Vycross. 3 de febrero, Sevilla<\/li>\n<li>Train de Trainners (Vycross) 27-28 de enero, Madrid<\/li>\n<li>Master Class neuromodulaci\u00f3n,\u00a0 Allergan. Sevilla, 11 de noviembre de 2016<\/li>\n<li>XVII Curso de L\u00e1ser M\u00e9dico Quir\u00fargico. Cl\u00ednica Planas. Barcelona, del 20 al 22 de octubre de 2016.<\/li>\n<li>Curso sobre Toxina y rellenos de \u00c1cido Hialur\u00f3nico. Santiago de Compostela, 8 de octubre de 2016.<\/li>\n<li>Co-directora y ponente de \u201cTOXIN EXPERT MEETING\u201d Centro M\u00e9dico Teknon. Barcelona, 1 de Julio 2016<\/li>\n<li>Curso avanzado sobre tratamientos con neuromoduladores y rellenos con \u00e1cido Hialur\u00f3nico de la gama Vycross. Canarias, 9-10 de mayo del 2016.<\/li>\n<li>M\u00e1ster Universitario T\u00e9cnicas avanzadas Est\u00e9ticas y L\u00e1ser. Valencia, 29-30 de enero de 2016.<\/li>\n<li>Allergan Medical Institute (AMI) \u2013 \u201cTrain-the-Trainer\u201d Expert Forum. Madrid, 22-23 de enero de 2016.<\/li>\n<li>\u201cM\u00f3dulo facial: T\u00e9cnicas b\u00e1sicas y avanzadas de inyecci\u00f3n de neuromoduladores con fines est\u00e9ticos\u201d M\u00e1ster Universitario en T\u00e9cnicas Avanzadas y Est\u00e9ticas y L\u00e1ser de la Universidad Cardenal Herrera. Valencia, 8-9 enero 2016<\/li>\n<\/ul>\n<\/div><\/div>\n<div class=\"accordion-item\"><a href=\"#\" class=\"accordion-title plain\"><button class=\"toggle\" aria-label=\"Toggle\"><i class=\"icon-angle-down\"><\/i><\/button><span>2011-2015<\/span><\/a><div class=\"accordion-inner\">\n<ul>\n<li>\u201cDiagn\u00f3stico y tratamiento del envejecimiento facial\u201d. Laboratorios Allergan. Bilbao, 23 de octubre de 2015.<\/li>\n<li>\u201cUso de neuromoduladores y rellenos de \u00e1cido Hialur\u00f3nico para rejuvenecer la mirada\u201d XVI Curso de L\u00e1ser M\u00e9dico Quir\u00fargico. Cl\u00ednica Planas. Barcelona, 16-17 de octubre de 2015.<\/li>\n<li>Curso en consulta \u201c9\u00ba curso de Diagnostico r\u00e1pido para Tratamientos de Rejuvenecimiento Facial\u201d. 6 de marzo de 2015.<\/li>\n<li>\u201cRejuvenecimiento Facial con \u00c1cido Hialur\u00f3nico \u2013 Tratamiento de las zonas peribucal, periorbitaria y rinoplastia sin cirug\u00eda\u201d M\u00e1ster Universitario en T\u00e9cnicas Avanzadas de Medicina Est\u00e9tica y L\u00e1ser de la Universidad Cardenal Herrera. Valencia, 30 y 31 de Enero 2015.<\/li>\n<li>\u201cRejuvenecimiento facial con neuromoduladores \u2013 Tratamiento del tercio superior de la cara\u201d M\u00e1ster Universitario en T\u00e9cnicas Avanzadas de Medicina Est\u00e9tica y L\u00e1ser de la Universidad Cardenal Herrera. Valencia, 9 y 10 de Enero 2015.<\/li>\n<li>\u201cC\u00f3mo mejorar la mirada con neuromoduladores y rellenos d\u00e9rmicos de \u00c1cido Hialur\u00f3nico\u201d XV Curso de L\u00e1ser M\u00e9dico Quir\u00fargico. Cl\u00ednica Planas, Barcelona 16, 17 y 18 de octubre 2014.<\/li>\n<li>Curso en consulta \u201c8\u00ba curso en T\u00e9cnicas avanzadas en Tratamientos Faciales\u201d. 12 de Junio de 2014.<\/li>\n<li>\u201cVII curso de diagn\u00f3stico r\u00e1pido para tratamientos de rejuvenecimiento facial\u201d. Mallorca, 13 de Mayo de 2014.<\/li>\n<li>\u201cMi experiencia con Vycross\u201d XII Anti-Aging Medicine World Congress. Montecarlo, 3 y 4 de Abril de 2014.<\/li>\n<li>\u201cVI curso de diagn\u00f3stico r\u00e1pido para tratamientos de rejuvenecimiento facial\u201d. Alicante, 20 de Marzo de 2014.<\/li>\n<li>\u201cMateriales de Relleno y Remodelaci\u00f3n Facial\u201d en M\u00e1ster Universitario en T\u00e9cnicas Avanzadas Est\u00e9ticas y L\u00e1ser. Valencia, 17 y 18 de Enero 2014.<\/li>\n<li>\u201cII curso de tratamientos faciales avanzados\u201d. Cl\u00ednica Dra. Villanueva. Barcelona, 8 de Noviembre de 2014.<\/li>\n<\/ul>\n<ul>\n<li>\u201cV curso de diagn\u00f3stico r\u00e1pido para tratamientos de rejuvenecimiento facial\u201d. Granada, 20 de Noviembre de 2013.<\/li>\n<\/ul>\n<ul>\n<li>\u201cLa nueva tecnolog\u00eda \u201cVycross\u201d de rellenos d\u00e9rmicos de \u00faltima generaci\u00f3n\u201d. III Jornadas Canarias de Medicina Est\u00e9tica, 27-28 Septiembre 2013.<\/li>\n<li>\u201cIV curso de diagn\u00f3stico r\u00e1pido para tratamientos de rejuvenecimiento facial\u201d. Zaragoza, 13 Septiembre 2013.<\/li>\n<li>\u201cIII curso de diagn\u00f3stico r\u00e1pido para tratamientos de rejuvenecimiento facial\u201d. Cl\u00ednica Dra. Villanueva. Barcelona, 10 Mayo de 2013.<\/li>\n<li>Moderaci\u00f3n de una mesa de tratamientos faciales en el Medical Expert Meeting de Allergan. Barcelona 26,27 de Abril de 2013.<\/li>\n<li>Ponencia en el 28\u00ba Congreso de la Sociedad Espa\u00f1ola de Medicina est\u00e9tica (SEME). Barcelona 26-28 Febrero de 2013.<\/li>\n<li>\u201cII curso de diagn\u00f3stico r\u00e1pido para tratamientos de rejuvenecimiento facial\u201d. Cl\u00ednica Dra. Villanueva. Barcelona, 13 Febrero de 2013.<\/li>\n<li>Ponencia \u201cDiagn\u00f3sticos faciales avanzados\u201d en II Jornadas Canarias de Medicina Est\u00e9tica. Gran Canaria, 28-29 Septiembre 2012.<\/li>\n<li>M\u00e1ster Avanzado de t\u00e9cnicas est\u00e9ticas y l\u00e1ser. Valencia, 29 y 30 de Junio 2012.<\/li>\n<li>\u201cI curso de tratamientos faciales avanzados\u201d. Cl\u00ednica Dra Villanueva. Barcelona, 15 Junio de 2012.<\/li>\n<li>\u201cAplicaciones de la neuromodulaci\u00f3n en est\u00e9tica\u201d.Curso te\u00f3rico-pr\u00e1ctico al Servicio de Cirug\u00eda Pl\u00e1stica del Hospital General Universitario. Alicante, 23 Marzo de 2012.<\/li>\n<li>\u201cFisiopatolog\u00eda y tratamiento del envejecimiento facial global\u201d. IX Congreso Europeo de Medicina Est\u00e9tica de la UIME y XXVII Congreso Nacional de la Sociedad Espa\u00f1ola de Medicina Est\u00e9tica. Madrid, 25 y 26 de Febrero de 2012.<\/li>\n<li>\u201cIr curso de diagnostico r\u00e1pido para tratamientos de rejuvenecimiento facial\u201d. Cl\u00ednica Dra Villanueva. Barcelona 18 Noviembre 2011.<\/li>\n<li>\u201cTratamientos est\u00e9ticos complementarios. Infiltraciones faciales con rellenos, vitaminas, mesoterapia y neuromoduladores\u201d. IX Curso de l\u00e1ser m\u00e9dico-quir\u00fargico, curso de formaci\u00f3n. Cl\u00ednica Planas. Barcelona, Octubre 2011.<\/li>\n<li>\u201cLas indicaciones est\u00e9ticas de la neuromodulaci\u00f3n tipo A\u201d. Formadora habitual cursos Allergan desde 2005 hasta la actualidad.<\/li>\n<li>\u201cArmonizaci\u00f3n del perfil facial: T\u00e9cnicas no quir\u00fargicas\u201d.\u00a0 XXVI Congreso de la Sociedad Espa\u00f1ola de Medicina Est\u00e9tica.Barcelona 17-19 de Febrero de 2011.(SEME).<\/li>\n<li>\u201cRestauraci\u00f3n del volumen facial: \u00bfC\u00e1nula o aguja, cu\u00e1ndo y c\u00f3mo?. XXVI Congreso de la Sociedad Espa\u00f1ola de Medicina Est\u00e9tica.Barcelona 17-19 de Febrero de 2011.(SEME).<\/li>\n<li>Master Class Allergan : \u201cFormaci\u00f3n relacionada con Est\u00e9tica Facial\u201dValencia 11 de Febrero de 2011<\/li>\n<\/ul>\n<\/div><\/div>\n<div class=\"accordion-item\"><a href=\"#\" class=\"accordion-title plain\"><button class=\"toggle\" aria-label=\"Toggle\"><i class=\"icon-angle-down\"><\/i><\/button><span>2006-2010<\/span><\/a><div class=\"accordion-inner\">\n<ul>\n<li>XI Curso de L\u00e1ser M\u00e9dico-Quir\u00fargico. Cl\u00ednica Planas. Barcelona, 2 de Octubre de 2010.<\/li>\n<li>XLV Congreso Nacional de la Sociedad Espa\u00f1ola de Cirug\u00eda Pl\u00e1stica, Reparadora y Est\u00e9tica (SECPRE).<\/li>\n<li>Presidenta de la Mesa de T\u00e9cnicas Complementarias.Girona, 28 de Mayo de 2010.\u201cPrevenci\u00f3n y tratamiento del envejecimiento facial\u201d<\/li>\n<li>XLV Congreso Nacional de la Sociedad Espa\u00f1ola de Cirug\u00eda Pl\u00e1stica, Reparadora y Est\u00e9tica (SECPRE). Girona, 28 de Mayo de 2010.Masterclass de \u00c1cidos Hialur\u00f3nicos\u201d. XVIII Jornadas Mediterr\u00e1neas.Barcelona, 21-23 de Mayo de 2010.<\/li>\n<li>Allergan Aesthetics Academy.Masterclass: \u201cResultados y t\u00e9cnicas de Juvederm Ultra Smile\u201d. Madrid. Marzo, 2010.\u201cLanzamiento Juv\u00e9derm Ultra Smile. Algo para sonre\u00edr en 2010\u201d. 25 Congreso Nacional de la Sociedad Espa\u00f1ola de Medicina Est\u00e9tica, en Barcelona, 25 de Febrero de 2010.<\/li>\n<li>\u201cNeuromoduladores : mi experiencia\u201d. 25 Congreso Nacional de la Sociedad Espa\u00f1ola de Medicina Est\u00e9tica. Barcelona, 25 de Febrero de 2010.<\/li>\n<li>\u201cTratamientos Est\u00e9ticos Complementarios. Infiltraciones Faciales con Rellenos, Vitaminas, Mesoterapia y neuromoduladores\u201d. X Curso de L\u00e1ser M\u00e9dico Quir\u00fargico. Cl\u00ednica Planas. Barcelona, 15-17 de Octubre de 2009.<\/li>\n<li>\u201cEnfoque facial total: Utilizaci\u00f3n de la neuromodulaci\u00f3n Tipo A y rellenos en est\u00e9tica\u201d. Allergan Facial Aesthetics. Madrid, 2 de Junio de 2009.<\/li>\n<li>Tractament global no quir\u00fargic de l\u00b4envelliment facial\u201d. Congr\u00e9s de la Societat Catalana d\u00b4Odontoestomatologia. Barcelona, 24 de Enero 2009.<\/li>\n<li>Rinomodelaci\u00f3n con materiales de relleno y neuromoduladores. I Curso Internacional de Rinoplastia. Sevilla, 13-15 de Noviembre de 2008.<\/li>\n<li>\u201cTratamientos est\u00e9ticos complementarios. Infiltraciones faciales con rellenos, vitaminas, mesoterapia y neuromoduladores. IX Curso de l\u00e1ser m\u00e9dico-quir\u00fargico, curso de formaci\u00f3n. Cl\u00ednica Planas. Barcelona, 2, 3 y 4 de Octubre de 2008.<\/li>\n<li>XLIII Congreso Nacional de la Sociedad Espa\u00f1ola de Cirug\u00eda Pl\u00e1stica, Reparadora y Est\u00e9tica (SECPRE). Presidenta de la mesa de t\u00e9cnicas auxiliares. Zaragoza, 19-21 de Junio de 2008.<\/li>\n<li>\u201c Evoluci\u00f3n de las t\u00e9cnicas auxiliares para el rejuvenecimiento facial \u201c. XLIII Congreso Nacional de la Sociedad Espa\u00f1ola de Cirug\u00eda Pl\u00e1stica, Reparadora y Est\u00e9tica (SECPRE). Zaragoza, 19-21 de Junio de 2008.<\/li>\n<li>Neuromoduladores. Actualizaci\u00f3n de la aplicaci\u00f3n. Efectos deseados e indeseados. Curso de Mesoplastia Avanzada. M\u00e9todo Dr. Gerardo-Lee. Barcelona, Marzo 2008<\/li>\n<li>Tratamiento de la sonrisa gingival con neuromodulaci\u00f3n tipo A. VI Jornada de Confrontaci\u00f3n de casos cl\u00ednicos organizada por la SECPRE. Madrid. Diciembre 2007.<\/li>\n<li>M\u00e1ster Class del uso avanzado de neuromoduladores y rellenos d\u00e9rmicos en medicina est\u00e9tica. Barcelona, 9-10 de Noviembre de 2007.<\/li>\n<li>Presentaci\u00f3n de los resultados del estudio multicentrico Europeo sobre el nuevo implante de ac. Hialur\u00f3nico con Lidocaina. Juvederm ultra. Barcelona, Noviembre 2007.<\/li>\n<li>X Jornadas Internacionales \u201cL\u00e1ser, Luz Pulsada, T\u00e9cnicas Dermocosm\u00e9ticas y Avances en Medicina y Cirug\u00eda Est\u00e9tica\u201d. Barcelona, 26 y 27 de Octubre de 2007. (Asistencia)<\/li>\n<li>Profesora de varios cursos de capacitaci\u00f3n para el uso de Vistabel en el tratamiento del envejecimiento facial organizados por Allergan. Barcelona, Mallorca, Bilbao 2007, 2008.<\/li>\n<li>Profesora de varios cursos organizados por Alcandora Formaci\u00f3n conjuntamente con laboratorios Allergan en \u201cT\u00e9cnicas de administraci\u00f3n de la neuromodulaci\u00f3n tipo A en el tratamiento de las arrugas de expresi\u00f3n\u201c en la especialidad de cirug\u00eda est\u00e9tica. A\u00f1os 2004, 2005 y 2006<\/li>\n<\/ul>\n<\/div><\/div>\n<div class=\"accordion-item\"><a href=\"#\" class=\"accordion-title plain\"><button class=\"toggle\" aria-label=\"Toggle\"><i class=\"icon-angle-down\"><\/i><\/button><span>2001-2005<\/span><\/a><div class=\"accordion-inner\">\n<ul>\n<li>Tratamiento de las Arrugas de Expresi\u00f3n de la cara con neuromoduladores. XL Congreso de la Sociedad Espa\u00f1ola de Cirug\u00eda Pl\u00e1stica, Reparadora y Est\u00e9tica. A Coru\u00f1a, 1-3 Junio de 2005.<\/li>\n<li>Tratamiento del envejecimiento del tercio medio e inferior de cara y cuello con neuromoduladores. XL Congreso de la Sociedad Espa\u00f1ola de Cirug\u00eda Pl\u00e1stica, Reparadora y Est\u00e9tica. A Coru\u00f1a 1-3 Junio de 2005<\/li>\n<li>C\u00f3mo mejorar la est\u00e9tica facial. Tratamientos e indicaciones. XIII Congreso Nacional Y II Internacional de la Sociedad Espa\u00f1ola de Odontolog\u00eda Conservadora. Granada, 6 y 7 de Mayo de 2005.<\/li>\n<li>Tractament de l\u00b4envelliment facial amb neuromoduladors. T\u00e8cniques. Jornada d\u00b4actualitzacio en est\u00e9tica. Servei de Cirurgia Pl\u00e1stica i Maxilo-Facial. Hospital Universitari Sagrat Cor. Barcelona, Febrero 2005.<\/li>\n<li>Mi experiencia en el tratamiento de las arrugas de expresi\u00f3n con neuromoduladores. XXI Curso Internacional Pr\u00e1ctico Intensivo. L\u00e1ser en Medicina y Cirug\u00eda. ambrils, Tarragona 12-14 Noviembre 2004.<\/li>\n<li>Tratamientos con neuromodulador de 1\/3 medio de la cara y cuello. XV Congreso de la Federaci\u00f3n Ibero-latinoamericana de Cirug\u00eda Pl\u00e1stica y XXXIX Congreso de la Sociedad Espa\u00f1ola de Cirug\u00eda Pl\u00e1stica, Reparadora y Est\u00e9tica. Sevilla 7-11 de Mayo 2004.<\/li>\n<li>Aplicaciones de AQUAMID como implante facial. XXXVII Congreso de la SECPRE. Oviedo. De 29 Mayo al 1 Junio 2002.<\/li>\n<li>Bases Anat\u00f3micas para el Tratamiento de las Arrugas de Expresi\u00f3n con neuromoduladores. XXXVII Congreso de la SECPRE. Oviedo, De 29 Mayo al 1 Junio 2002.Aplicaciones de Dermalive como implante facial. X Jornadas Mediterr\u00e1neas. Sitges. De 11 a 14 Abril 2002.<\/li>\n<li>Neuromoduladores en el rejuvenecimiento facial. 1r. Congreso Latino de Cirug\u00eda Est\u00e9tica. Madrid, del 1 al 4 de noviembre de 2001<\/li>\n<li>Usos de la neuromodulaci\u00f3n en Est\u00e9tica. Curso Internacional de Implantes Faciales. Barcelona, 30 Septiembre 2001.<\/li>\n<li>Aplicaciones de Dermalive. Curso Internacional de Implantes Faciales. Barcelona. 30 Septiembre 2001.<\/li>\n<li>Tratamiento de las Arrugas de Expresi\u00f3n de la cara con neuromoduladores. XXXVI Congreso de la SECPRE. Palma de Mallorca. 27 Abril 2001.<\/li>\n<li>Bases Anat\u00f3micas para el tratamiento de las arrugas de expresi\u00f3n con neuromoduladores. IX Jornadas Mediterr\u00e1neas. Barcelona. 21 al 25 Marzo 2001.<\/li>\n<li>Aplicaciones de Dermalive en rellenos faciales. IX Jornadas Mediterraneas. Barcelona\u2026 21 al 25 Marzo 2001.<\/li>\n<li>Tractament d\u2019arrugues d\u00b4expressi\u00f3 amb neuromoduladors. Sessi\u00f3 de la Societat Catalana de Cirurgia Pl\u00e0stica, Reparadora i Est\u00e8tica. Barcelona. Gener 2001.<\/li>\n<\/ul>\n<\/div><\/div>\n<div class=\"accordion-item\"><a href=\"#\" class=\"accordion-title plain\"><button class=\"toggle\" aria-label=\"Toggle\"><i class=\"icon-angle-down\"><\/i><\/button><span>1996-2000<\/span><\/a><div class=\"accordion-inner\">\n<ul>\n<li>Tratamiento de las Arrugas de Expresi\u00f3n con neuromoduladores. XXV Reuni\u00f3n de la Sociedad Vasco-Navarra-Riojana-Aragonesa de Cirug\u00eda Pl\u00e1stica, Reparadora y Est\u00e9tica. Zaragoza 27 y 28 Octubre 2000.<\/li>\n<li>Botulinum Toxin: The Spanish Experience. XIII Congres International de M\u00e9decine Esth\u00e9tique. Monte-Carlo. 1 al 4 Noviembre 2000.<\/li>\n<li>Tratamiento de las arrugas de expresi\u00f3n de la cara con neuromoduladores. Comunicaci\u00f3n libre. XXXV Congreso de la SECPRE. Las Palmas de Gran Canaria. Mayo 2000.<\/li>\n<li>Clase te\u00f3rica-pr\u00e1ctica sobre Aplicaciones y Utilizaci\u00f3n de neuromoduladores, dentro del programa M.I.R. de docencia impartido en el Hospital Universitari Germans Tr\u00edas i Pujol. Badalona, Febrero 2000.<\/li>\n<li>Clase te\u00f3rica-Pr\u00e1ctica sobre Uso del L\u00e1ser en Cirug\u00eda Pl\u00e1stica, dentro del programa M.I.R. de docencia impartido en el Hospital Universitari Germans Tr\u00edas y Pujol. Badalona, Febrero 2000.<\/li>\n<li>Infiltraci\u00f3n de ARTECOL. XV Congreso Nacional de la Sociedad Espa\u00f1ola de Medicina Est\u00e9tica. Barcelona, 26 al 28 Febrero 1999.<\/li>\n<li>Curso Internacional Pr\u00e1ctico-Intensivo L\u00e1ser en Medicina y Cirug\u00eda. Cirug\u00eda Est\u00e9tica, L\u00e1ser y T\u00e9cnicas complementarias. Instituto M\u00e9dico Vilafortuny, Cambrils (Tarragona). Noviembre 1998.<\/li>\n<li>Resurfacing con L\u00e1ser Er.YAG. Curso te\u00f3rico pr\u00e1ctico de L\u00e1ser. Cl\u00ednica Romen. Madrid, Octubre 1998.<\/li>\n<li>Rejuvenecimiento facial con L\u00e1ser. Mesa redonda de Cirug\u00eda Pl\u00e1stica. VII Congreso de la Sociedad Espa\u00f1ola de L\u00e1ser M\u00e9dico Quir\u00fargico. Sevilla, 22 al 24 Abril 1998.<\/li>\n<li>Plataforma L\u00e1ser del Centro M\u00e9dico Teknon. Monitora de los cursos te\u00f3rico-pr\u00e1cticos organizados con el aval de la Sociedad Espa\u00f1ola de Cirug\u00eda Pl\u00e1stica y de la Societat Catalana de Cirurg\u00eda Pl\u00e1stica. Barcelona, Marzo 1997.<\/li>\n<li>Plataforma L\u00e1ser del Centro M\u00e9dico Teknon. Tutor\u00eda de las sesiones quir\u00fargicas. Barcelona, Marzo 1997.<\/li>\n<li>Plataforma L\u00e1ser del Centro M\u00e9dico Teknon. Tutor\u00eda de las sesiones quir\u00fargicas. Valencia, Diciembre 1996.<\/li>\n<li>Plataforma L\u00e1ser del Centro M\u00e9dico Teknon. Monitora de los cursos te\u00f3rico-pr\u00e1cticos organizados con el aval de la Sociedad Espa\u00f1ola de Cirug\u00eda Pl\u00e1stica y de la Societat Catalana de Cirurgia Pl\u00e0stica. Madrid, Junio 1996.<\/li>\n<li>L\u00e1ser de CO2 y envejecimiento facial. Nuestra experiencia. Curso te\u00f3rico-pr\u00e1ctico de instrucci\u00f3n sobre l\u00e1ser CO2 en Cirug\u00eda Pl\u00e1stica. Societat Catalana de Cirurg\u00eda Pl\u00e1stica y Est\u00e9tica. Febrero 1997.<\/li>\n<li>Envejecimiento facial. Jornadas de Est\u00e9tica Lambdor. Granada. Octubre 1996 y Barcelona, Noviembre 1996<\/li>\n<li><\/li>\n<\/ul>\n<\/div><\/div>\n<div class=\"accordion-item\"><a href=\"#\" class=\"accordion-title plain\"><button class=\"toggle\" aria-label=\"Toggle\"><i class=\"icon-angle-down\"><\/i><\/button><span>1985-1995<\/span><\/a><div class=\"accordion-inner\">\n<ul>\n<li>M\u00e9dico colaborador en los cursillos de perfeccionamiento de t\u00e9cnicas de implante de col\u00e1geno, organizados por Collagen Biomedical Ib\u00e9rica S.A., Diciembre, 1995.<\/li>\n<li>Actualizaci\u00f3n en el tratamiento del envejecimiento facial. III Symposium profesional de Est\u00e9tica. Girona, Noviembre 1995<\/li>\n<li>Las contradicciones de las dietas. XVII Congreso Hispanoamericano de Est\u00e9tica. Madrid, Octubre 1995.<\/li>\n<li>M\u00e9dico colaborador en los cursillos de Perfeccionamiento de T\u00e9cnicas de Implante de Col\u00e1geno, organizados por Collagen Biomedical Ib\u00e9rica S.A, Febrero, 1995.<\/li>\n<li>\u00daltimos Avances en T\u00e9cnicas Quir\u00fargicas de Rejuvenecimiento Facial. XI Jornada Profesional \u201cLes Nouvelles Esthet\u00edques\u201d. Sevilla, Noviembre, 1994.<\/li>\n<li>Anatom\u00eda del aparato vascular y cicatrizaci\u00f3n. Cursos de t\u00e9cnica de drenaje linf\u00e1tico post-liposucci\u00f3n y post-quir\u00fargico. Barcelona. Mayo 1985; Diciembre 1986.-, Octubre 1988, Octubre 1990; Noviembre 1990-, Mayo 1991; Mayo 1992 y Noviembre 1992.<\/li>\n<li>Infecciones por micoplasmas en lifting facial. Academia de Ciencias M\u00e9dicas de Catalunya i Balears. Noviembre, 1990.<\/li>\n<li>Injertos de cart\u00edlago en Rinoplastia Primaria. IV Jornada Cient\u00edfica de la Societat Catalana de Cirugia Pl\u00e0stica y Est\u00e8tica. Barcelona, Abril 1987.<\/li>\n<li>Lipectom\u00eda c\u00e9rvicofacial. XIX Reuni\u00f3n Nacional de la Sociedad Espa\u00f1ola de Cirug\u00eda Pl\u00e1stica, Reparadora y Est\u00e9tica. Pamplona, Junio 1987.<\/li>\n<li>Liposucci\u00f3n: t\u00e9cnica quir\u00fargica y evaluaci\u00f3n de resultados. I Jornada de Cirug\u00eda Pl\u00e1stica y Est\u00e9tica. Barcelona, Febrero 1985.<\/li>\n<\/ul>\n<\/div><\/div>\n<\/div>\n\t\t<\/div>\n\t\t\t\t\t<\/div>\n\n\t\n<\/div>\n\t<div id=\"gap-219566237\" class=\"gap-element clearfix\" style=\"display:block; height:auto;\">\n\t\t\n<style>\n#gap-219566237 {\n  padding-top: 40px;\n}\n<\/style>\n\t<\/div>\n\t\n\t\t<\/div>\n\n\t\t\n<style>\n#section_1077451239 {\n  padding-top: 30px;\n  padding-bottom: 30px;\n  background-color: rgb(255,255,255);\n}\n#section_1077451239 .ux-shape-divider--top svg {\n  height: 150px;\n  --divider-top-width: 100%;\n}\n#section_1077451239 .ux-shape-divider--bottom svg {\n  height: 150px;\n  --divider-width: 100%;\n}\n<\/style>\n\t<\/section>\n\t\n\t<section class=\"section\" id=\"section_2078274400\">\n\t\t<div class=\"bg section-bg fill bg-fill  bg-loaded\" >\n\n\t\t\t\n\t\t\t\n\t\t\t\n\n\t\t<\/div>\n\n\t\t\n\n\t\t<div class=\"section-content relative\">\n\t\t\t\n\t<div id=\"gap-1404667652\" class=\"gap-element clearfix\" style=\"display:block; height:auto;\">\n\t\t\n<style>\n#gap-1404667652 {\n  padding-top: 40px;\n}\n<\/style>\n\t<\/div>\n\t\n<div class=\"row\"  id=\"row-75539469\">\n\n\t<div id=\"col-2133109202\" class=\"col small-12 large-12\"  >\n\t\t\t\t<div class=\"col-inner\"  >\n\t\t\t\n\t\t\t\n<h3>ASISTENCIA A CURSOS Y CONGRESOS<\/h3>\n<h4><strong>2021 &#8211; 2026<\/strong><\/h4>\n<ul>\n<li>Train the trainers. Pringy 17 y 18 de abril 2026<\/li>\n<li>24 AMWC The Aesthetic and Anti-Aging Medicine World Congress 2026. M\u00f3naco. 26-28 de marzo 2026<\/li>\n<li>Advisory Board Allergan. Madrid 16 de marzo 2026<\/li>\n<li>IMCAS World Congress, Paris, 29-31 de enero 2026<\/li>\n<li>Formaci\u00f3n Allergan Aesthetic, Madrid 23-24 de enero 2026<\/li>\n<li>INMODE, Jornada de formaci\u00f3n Morpheus. Madrid, 25 de octubre 2025<\/li>\n<li>Sensilis Dermofarm, Jerez de la Frontera 21-22 de mayo 2025<\/li>\n<li>\n<p>Formaci\u00f3n Fillmed Lips Day en Clinica Planas, Barcelona 4 de abril 2025<\/p>\n<\/li>\n<li>AMWC The Aesthetic and Anti-Aging Medicine World Congress 2025. <br \/>27-29 de marzo 2025<\/li>\n<li>Curso DERMATOSCOPIA organizado por la\u00a0 SEME (Sociedad Espa\u00f1ola de Medicina Est\u00e9tica. Barcelona, 13 de marzo 2025<\/li>\n<li>SKIN CEUTICALS Barcelona, 24-25 de enero 2025<\/li>\n<li>INMODE, Jornada de formaci\u00f3n Morpheus. Madrid, 18-19 de octubre.<\/li>\n<li>\u201cNeuromoduladores en Medicina est\u00e9tica\u201d CoMB. Barcelona 5 de octubre de 2024.<\/li>\n<li><span lang=\"EN-GB\">ALLERGAN AESTHETICS HUB FULL FACE 360\u00ba, Dr. Arthur Swift. Madrid 17-18 de mayo 2024.<\/span><\/li>\n<li>Sensilis Dermofarm, Inteligencia Artificial. Sevilla 18-19 de abril 2024.<\/li>\n<li>SKINXPERT Organizado por Skin Ceuticals. Barcelona 16 de abril 2024.<\/li>\n<li>Advisory Board Allergan: Las Nuevas toxinas &amp; PRO, Madrid 9 de febrero 2024.<\/li>\n<li>IMCAS World Congress, Paris, 1-3 de febrero 2024.<\/li>\n<li>Train the Trainers, Madrid, 12 de enero 2024.<\/li>\n<li>POST IPAM MASTERCLASS REGENERATIVE ERA, Mil\u00e1n 23 de noviembre 2023.<\/li>\n<li>MD Codes Live, Berlin 9-10 de octubre 2023.<\/li>\n<li>Advisory Board, Stoklom 6 de octubre 2023.<\/li>\n<li>TTFM \u201cTrain The Future Mentors\u201d organizado por Jul\u00e4ine. Madrid, 19 septiembre 2023.<\/li>\n<li><span lang=\"EN-US\">Behind Beauty 360 de Allergan. Madrid, 10 de junio 2023.<\/span><\/li>\n<li>Curso de disecci\u00f3n anat\u00f3mica de un cad\u00e1ver. Escuela Internacional d.e Medicina Est\u00e9tica y Cirug\u00eda (EIMEC) en convenio con la Universidad Aut\u00f3noma de Barcelona (UAB) y Allergan Aesthetic an Abbvie Company. Barcelona, 5 de mayo 2023.<\/li>\n<li>AMWC The Aesthetic and Anti-Aging Medicine World Congress 2023. Montecarlo. 30 marzo a 1 de abril 2022<\/li>\n<li><span lang=\"EN-US\">Train the trainers. 3-4 de febrero, Madrid.<\/span><\/li>\n<li><span lang=\"EN-US\">The Consultant Clinic. <\/span>\u201cShadowing day\u201d con el Dr. Paul Elgey, 28 de enero, Londres.<\/li>\n<li>Behin Beauty. Madrid, 22 de octubre de 2022<\/li>\n<li>AMITT Madrid, 9 de septiembre de 2022<\/li>\n<li>AMI (Allergan Medical Institute) Madrid, 19-20-21 y 22 de mayo 2022<\/li>\n<li><span lang=\"EN-US\">Advisory board. Madrid, 22 de abril 2022<\/span><\/li>\n<li>AMWC Aesthetic &amp; Anti-aging Medicine World Congress. Montecarlo. 31 marzo a 2 de abril 2022<\/li>\n<li>37\u00ba CONGRESO NACIONAL DE LA SOCIEDAD ESPA\u00d1OLA DE MEDICINA EST\u00c9TICA. M\u00e1laga, 24-26 de febrero 2022<\/li>\n<li>36\u00ba Congreso Nacional SOCIEDAD ESPA\u00d1OLA DE MEDICINA ESTETICA (SEME) \u2013 II CONGRESO DE LA SOCIEDAD ESPA\u00d1OLA DE RESTAURACION CAPILAR (SERECAP) Virtual- Telepresencial 14-21 de febrero 2021<\/li>\n<li>FACIAL RESHAPING &amp; THE NON-SURGICAL LIP LIFT (NLL), 14 de febrero 2021 by Dr. Harris Academy<\/li>\n<\/ul>\n\t<div id=\"gap-1811344384\" class=\"gap-element clearfix\" style=\"display:block; height:auto;\">\n\t\t\n<style>\n#gap-1811344384 {\n  padding-top: 30px;\n}\n<\/style>\n\t<\/div>\n\t\n<div class=\"accordion\" rel=\"\">\n<div class=\"accordion-item\"><a href=\"#\" class=\"accordion-title plain\"><button class=\"toggle\" aria-label=\"Toggle\"><i class=\"icon-angle-down\"><\/i><\/button><span>2019-2020<\/span><\/a><div class=\"accordion-inner\">\n<ul>\n<li>Toxin Summit 2020 by Merz Aesthetics Madrid 3 y 4 de Marzo 2020<\/li>\n<li>35\u00ba Congreso Nacional SOCIEDAD ESPA\u00d1OLA DE MEDICINA ESTETICA (SEME) M\u00e1laga 20-22 de febrero 2020<\/li>\n<li>IMCAS WORLD CONGRESS\u00a0 2020 (International\u00a0 Master Course on Aging Science).\u00a0Paris,\u00a0 33 de enero\u00a0 al 1 de febrero 2020<\/li>\n<li>Seminario profesional \u2013 \u201c\u00daltimos avances en el tratamiento del Melasma\u201d \/ Miembros. Colegio de M\u00e9dicos de Barcelona, Barcelona, 14 de diciembre de 2019.<\/li>\n<li>Taller motivacional basado en Mindfulness I el Zen para el crecimiento personal \/ Miembros. Colegio de M\u00e9dicos de Barcelona, Barcelona, 26 de octubre de 2019.<\/li>\n<li>Reuni\u00f3n GLOWFORWARD Medical Innovation Meets Beaty Inspiration. Madrid 7-8 de junio 2019<\/li>\n<li>\n<div>5\u00ba Curso MD CODES de Mauricio de Maio. Barcelona, 31 de marzo, 1 y 2 de abril 2019<\/div>\n<\/li>\n<li>\n<div>TRAIN THE TRAINERS. Madrid 8 de marzo 2019<\/div>\n<\/li>\n<li>Allergan, reuni\u00f3n seguimiento AB Elastagen. Madrid 16 de febrero 2019<\/li>\n<li>TRAIN THE TRAINERS. Transformaci\u00f3n digital en la consulta de la Medicina Est\u00e9tica y los intereses de los pacientes en el siglo XXI. Allergan Medical Institute en M\u00e1laga, 10 de febrero 2019<\/li>\n<li>International\u00a0 Master Course on Aging Science (IMCAS) 21e. Annual World Congress. Paris,\u00a0 del 31 de enero\u00a0 al 2 de febrero 2019<\/li>\n<li>Allergan, Advisory Board AB Volux. Madrid,\u00a0 17 de enero\u00a0 de 2019<\/li>\n<li>M\u00e1ster Universitario en T\u00e9cnicas Avanzadas Est\u00e9ticas y L\u00e1ser de la Universidad Cardenal Herrera. Valencia, 8 y 9 de febrero 2019<\/li>\n<\/ul>\n<\/div><\/div>\n<div class=\"accordion-item\"><a href=\"#\" class=\"accordion-title plain\"><button class=\"toggle\" aria-label=\"Toggle\"><i class=\"icon-angle-down\"><\/i><\/button><span>2016-2018<\/span><\/a><div class=\"accordion-inner\">\n<ul>\n<li>\n<div>Vycross Excellence Program. Masterclass avanzada. Madrid, 19 de octubre 2018<\/div>\n<\/li>\n<li>CROMA FORMACI\u00d3N HILOS. Barcelona, 6 de octubre 2018<\/li>\n<li>SESDERMA. Valencia, 21 de septiembre del 2018<\/li>\n<li>Medical L\u00e1ser Congress Top +100. San Sebasti\u00e1n, 14-15 de septiembre 2018<\/li>\n<li>Master class Mauricio di Maio. Madrid, 20-22 de mayo 2018<\/li>\n<li>Train the trainers de Allergan, Londres 16-18 de marzo<\/li>\n<li>20 \u00aa Annual World Congress IMCAS. Del 1 al 3 de febrero 2018, Paris<\/li>\n<li>ALLERGA BUSSINES EXCELENCE. Modulo II: Digitalizaci\u00f3n de la consulta, sistemas de direcci\u00f3n y control. 27 de enero 2018,<\/li>\n<li>MadridBusiness Summit by Merz Aesthetics. Madrid 29 de noviembre 2017<\/li>\n<li>VYCROSS THECNOLOGY. Madrid, 24 de noviembre 2017<\/li>\n<li>ALLERGAN BUSSINES EXCELENCE. Modulo I: Conocimiento del mercado est\u00e9tico y c\u00f3mo desarrollar nuestro plan de marketing. Madrid, 18 de noviembre de 2017<\/li>\n<li>\u00a0Jornada de formaci\u00f3n TOV MEDICAL. Barcelona, 4 de noviembre 2017<\/li>\n<li>\u00abPrograma avanzado de gesti\u00f3n de la consulta privada\u201d ESADE, organizado por Bioderma, Barcelona 3 de Noviembre de 2017<\/li>\n<li>Curso BELKYRA, Allergan. Madrid, 6 de octubre 2017<\/li>\n<li>FACE (Facial Aesthetic Conference and Exhibition) Londres 16, 17 y 18 de Junio de 2017<\/li>\n<li>AMI (Allergan Medical Institute). Masterclass Avanzada de los MD Codes de Allergan. Madrid, 9 y 10 de Junio de 2017<\/li>\n<li>38\u00ba Congreso Nazionale della Societ\u00e0 Italiana di Medicina Estetica (SIME) Roma, 12-13 y 14 de Mayo de 2017<\/li>\n<li>AMWC (Aesthetic &amp; Anti-aging Medicine World Congress) M\u00f3naco, 6-7 y 8 de Abril de 2017<\/li>\n<li>Jornada De Residentes De La Secpre.\u00a0 Barcelona, 10 de marzo 2017\n<ul>\n<li>Rejuvenecimiento Facial No Quir\u00fargico: Nivel I<\/li>\n<\/ul>\n<\/li>\n<li>Master \u201cTecnicas Avanzadas Est\u00e9ticas y L\u00e1ser\u201d. Valencia. 24 y 25 de febrero<\/li>\n<li>Allergan Medical Institute Faculty\u00a0 Meeting \u2013 Prague Facial Aesthetics. Praga, Republica Checa 19 de febrero 2017<\/li>\n<li>Allergan Medical Institute International Meeting \u2013 Prague Facial Aesthetics. Praga, Republica Checa 17, 18 de febrero 2017<\/li>\n<li>Workshop M22 de Lumenis.\u00a0 4 de febrero, Barcelona<\/li>\n<li>VIII Jornada monogr\u00e1fica SEME. Actualizaci\u00f3n en peelings m\u00e9dicos. Bilbao, 12 de noviembre 2016<\/li>\n<li>Allergan Medical Institute. Juvederm Volite Experience Phase Meeting. Madrid 7 de octubre de 2016<\/li>\n<li>CODE for practice 2016, Aesthetic Anatomy Course. Toulouse, France 24 de septiembre 2016<\/li>\n<li>Allergan. Vycross Club, Master Class Dr. Raj Acquilla. Madrid 22 de septiembre 2016<\/li>\n<li>Participaci\u00f3n en el FACIAL AESTHETIC CONFERENCE AND EXHIBITION (FACE) Londres, 16-19 de junio<\/li>\n<li>Participaci\u00f3n en \u201cAdvisory Board\u201d de Allergan para la prevenci\u00f3n y tratamiento de efectos adversos. Madrid, 20-21 de mayo del 2016.<\/li>\n<li>Taller Princess, hilos CROMA. Barcelona, 21 de abril del 2016.<\/li>\n<li>AMWC Aesthetic &amp; Anti-Aging Medicine World Congress. Monte-carlo, Principado de M\u00f3naco, 31 de Marzo de 2016.<\/li>\n<li>Masterclass Avanzada de los MD Codes de Allergan. Madrid, 8- 9 de marzo de 2016.<\/li>\n<li>Simposium Te\u00f3rico-pr\u00e1ctico \u201c\u00daltimos avances en dermocosm\u00e9tica\u201d. Barcelona, 5 de marzo de 2016.<\/li>\n<li>Taller IFC Cantabria. Barcelona, 4 de marzo de 2016.<\/li>\n<li>Primera reuni\u00f3n Internacional de AMI (Allergan Medical Academy) Londres, 17-20 de febrero de 2016.<\/li>\n<li>Workshop IPL L\u00e1ser Plataforma M22. Madrid, 6 de febrero de 2016.<\/li>\n<\/ul>\n<\/div><\/div>\n<div class=\"accordion-item\"><a href=\"#\" class=\"accordion-title plain\"><button class=\"toggle\" aria-label=\"Toggle\"><i class=\"icon-angle-down\"><\/i><\/button><span>2011-2015<\/span><\/a><div class=\"accordion-inner\">\n<ul>\n<li>Clinical Facial Anatomy. Amsterdam, 27-28 de noviembre de 2015.<\/li>\n<li>Isdinceutics. Formaci\u00f3n Desirial y Desirial Plus. Barcelona, 20 de noviembre de 2015<\/li>\n<li>Expert Meeting de Isdin. Barcelona, 18 de setiembre de 2015<\/li>\n<li>\u201cTrain-the-Trainer\u201d Expert Forum Allergan. Cannes, Francia 29-30 de Marzo 2015.<\/li>\n<li>13th Aesthetic &amp; Anti-Aging Medicine World Congress. Montecarlo, 26-27-28 de Marzo 2015.<\/li>\n<li>30\u00ba Congreso de la sociedad espa\u00f1ola de medicina est\u00e9tica (SEME). M\u00e1laga 19-21 de Febrero de 2015.<\/li>\n<li>Workshop \u201cTratamientos faciales y corporales con injertos con tejido adiposo (ITA)\u201d. Barcelona, 14 de Febrero 2015.<\/li>\n<li>Curso de Formaci\u00f3n de T\u00e9cnica de aplicaci\u00f3n del nuevo peeling PRX-T33. Barcelona, 23 de Enero de 2015.<\/li>\n<li>Reuni\u00f3n Allergan Local Embassadors: \u201cAllergan Medical Advisory Board\u201d. Madrid 21 de Noviembre de 2014.<\/li>\n<li>Congreso AMEC (Anti-Aging Medicine European Congress). Paris 24-25 de Octubre de 2014.<\/li>\n<li>\u201cEstrategias de \u00e9xito para vencer en el mercado actual de medicina est\u00e9tica\u201d. Barcelona, 23 de Octubre 2014.<\/li>\n<\/ul>\n<ul>\n<li>2\u00ba curso del C.O.D.E. (Center of developmental Excellence), Aesthetic Anatomy Course. Praga 20 de Septiembre de 2014.<\/li>\n<li>Master Class con el Dr. Raj Acquilla. Hospital dental de Madrid. 17 de Septiembre de 2014.<\/li>\n<li>Simposium te\u00f3rico-pr\u00e1ctico \u201c\u00daltimos avances en Dermocosm\u00e9tica\u201d de Laboratorios Sesderma. Barcelona 27 de Septiembre de 2014.<\/li>\n<li>Aesthetic Anatomy Course C.O.D.E. for practice. Praga 20 Septiembre 2014.<\/li>\n<li>Master Class impartida por Dr. Raj Acquilla,\u00a0Madrid. 17 Septiembre 2014.<\/li>\n<li>Jornada de pioneros de neuromodulador. Madrid, 9 de Mayo 2014.<\/li>\n<li>Allergan Platinum Event. Edificio \u201cTorre de Cristal\u201d de Madrid, 9 de Mayo de 2014.<\/li>\n<li>Curso: \u201dMaster Class avanzada con el Dr. Mauricio di Maio\u201d. Hospital Dental de Madrid 25-26 de Abril de 2014.<\/li>\n<li>Unlocking the Code to Facial Revitalisation \u201cTrain-the-Trainer\u201d Expert Forum Allergan. Juan Les Pins, 6 de Abril de 2014.<\/li>\n<li>XXI Anti-Aging Medicine World Congress. Montecarlo, 3-4 de Abril de 2014<\/li>\n<li>Taller de \u201cRadiesse\u201d. 13 de Marzo de 2014.<\/li>\n<li>Congreso de la Sociedad Espa\u00f1ola de Medicina Est\u00e9tica (SEME). 20-22 de Febrero de 2014.<\/li>\n<li>Taller de \u201cPLEXR\u201d. 14 de Febrero de 2014.<\/li>\n<li>Inaugural Meeting of the Allergan Medical Institute, Advanced Technical Training: Excellence in Aestehtics Care. Marriot Hotel, Amsterdam 24, 25 y 26 de Enero 2014<\/li>\n<li>2\u00ba Simposio Tecsa Teosyal. Clinica Planas Barcelona, 1 Diciembre de 2013.<\/li>\n<li>Sesi\u00f3n one to one con Dra. Koenraad de Boulle. Bruselas, 16-17 Octubre de 2013.<\/li>\n<li>XII\u00ba Curso internacional: Avances en cirug\u00eda pl\u00e1stica y est\u00e9tica. Aplicaci\u00f3n de suturas con conos en medicina est\u00e9tica y cirug\u00eda. Barcelona 18-19 Octubre de 2013.<\/li>\n<li>III Jornadas Canarias de Medicina Est\u00e9tica 27-28 Septiembre de 2013.<\/li>\n<li>Curso de Formaci\u00f3n de Remodelaci\u00f3n del \u00d3valo Facial y Tratamiento de la Regi\u00f3n Submentoniana con Aqualyx\u00ae, Barcelona 15 Junio de 2013.<\/li>\n<li>Medical Expert Meeting de Allergan. Barcelona 26-27 Abril de 2013.<\/li>\n<li>Expert Meeting de Allergan Medical Aesthetics Academy Expert. Cannes, Francia 7 Abril de 2013.<\/li>\n<li>Anti-Aging Medicine World Congress. Montecarlo, 4, 5 y 6 de Abril de 2013.<\/li>\n<li>Curso de formaci\u00f3n: \u201cAplicaci\u00f3n de las suturas Silhouette Soft. Barcelona 8 de Febrero de 2013.<\/li>\n<li>Simposio sobre Actualizaci\u00f3n de los tratamientos Peeling de Laboratorios Sesderma. Barcelona, 10 de Noviembre de 2012.<\/li>\n<li>II jornadas Canarias de Medicina Est\u00e9tica 28-29 Septiembre 2012.<\/li>\n<li>Expert Meeting Exclusivo LCS\/RS y Expert Meeting Master Class. Valencia, 17 y 18 de Mayo de 2012.<\/li>\n<li>Anti-Aging Medicine World Congress. Montecarlo, 29 y 31 de Marzo 2012.<\/li>\n<li>IX Congreso Europeo de Medicina Est\u00e9tica de la UIME y XXVII Congreso Nacional de la Sociedad Espa\u00f1ola de Medicina Est\u00e9tica. Madrid, 25 y 26 de Febrero de 2012<\/li>\n<li>Master Class de Atlean, Guitiriz, Lugo. 4 y 5 Noviembre 2011.<\/li>\n<li>XII Curso de L\u00e1ser M\u00e9dico-Quir\u00fargico. Cl\u00ednica Planas. Barcelona 6-8 Octubre 2011<\/li>\n<li>Taller Magistral de Allergan de Tratamientos Est\u00e9ticos Avanzados. Colegio de m\u00e9dicos de Madrid. 26 Septiembre de 2011.<\/li>\n<li>Forum de expertos de Medical Aesthetics Academy de Allergan. Toulouse, 16 y 17 Septiembre de 2011<\/li>\n<li>\u201cHabilidades comunicativas: impacto personal\u201d. Curso de comunicaci\u00f3n para congresos m\u00e9dicos. Barcelona, 9 Septiembre 2011.<\/li>\n<li>Aven\u00e7os en els procediments del lipofilling. Barcelona, 23 de julio 2011<\/li>\n<li>GRACE Working Group meeting . London, Saturday 11th June, 2011.<\/li>\n<li>Curso de Emergencias, Formaci\u00f3n te\u00f3rico-pr\u00e1ctica en soporte vital en la consulta m\u00e9dico est\u00e9tica. 3 de junio 2011.<\/li>\n<li>Curso de formaci\u00f3n de portavoces. Allergan Academy. Badalona, 27-5-2011<\/li>\n<li>Curso avanzado en la aplicaci\u00f3n de \u201cJuvederm Voluma\u201d en el rejuvenecimiento facial. Cl\u00ednica Teknon, Barcelona, 20 de Mayo de 2011<\/li>\n<li>Taller Te\u00f3rico- practico para la utilizaci\u00f3n de c\u00e1nulas en el rejuvenecimiento facial. Barcelona, 29 Abril 2011.<\/li>\n<li>Master Class Antiaging. Cascais, 8-9 Abril 2011.<\/li>\n<li>Master for the Masters, Masterclass Attended an AllerganEducational Programme regarding Facial Aesthetics<\/li>\n<li>Anti-Aging Medicine world Congress Medispa. Montecarlo, 24-26 de Marzo de 2011.<\/li>\n<li>XXVI Congreso de la Sociedad Espa\u00f1ola de Medicina Est\u00e9tica. Barcelona, 17-19 de Febrero de 2011.(SEME).<\/li>\n<li>Master Class Allergan : \u201cFormaci\u00f3n relacionada con Est\u00e9tica Facial\u201d. Valencia, 11 de Febrero de 2011.<\/li>\n<li>\u201cPresentaciones en P\u00fablico: Impacto Personal\u201d organizado por Allergan Business Consulting. Barcelona, 28 de Enero 2011.<\/li>\n<\/ul>\n<\/div><\/div>\n<div class=\"accordion-item\"><a href=\"#\" class=\"accordion-title plain\"><button class=\"toggle\" aria-label=\"Toggle\"><i class=\"icon-angle-down\"><\/i><\/button><span>2006-2010<\/span><\/a><div class=\"accordion-inner\">\n<ul>\n<li>XI Curso de L\u00e1ser M\u00e9dico Quir\u00fargico. Clinica Planas. Barcelona, 2 de Octubre de 2010<\/li>\n<li>XLV Congreso Nacional de la Sociedad Espa\u00f1ola de Cirug\u00eda Pl\u00e1stica, Reparadora y Est\u00e9tica (SECPRE). Presidenta de la Mesa de Tecnicas Complementarias. Girona, 28 de Mayo de 2010.<\/li>\n<li>\u201cXLV Congreso Nacional de la Sociedad Espa\u00f1ola de Cirug\u00eda Pl\u00e1stica, Reparadora y Est\u00e9tica (SECPRE). Girona, 28 de Mayo de 2010.<\/li>\n<li>Masterclass de Acidos Hialuronicos\u201d. XVIII Jornadas Mediterr\u00e1neas. Barcelona, 21-23 de Mayo de 2010.<\/li>\n<li>Allergan Aesthetics Academy. Masterclass: \u201cResultados y t\u00e9cnicas de Juvederm Ultra Smile\u201d. Marzo 2010.<\/li>\n<li>Intralipoterapia. Real Lasting. Barcelona 20 de Marzo de 2010.<\/li>\n<li>25 Congreso Nacional de la Sociedad Espa\u00f1ola de Medicina Est\u00e9tica. Barcelona 25 de Febrero de 2010.<\/li>\n<li>IMCAS 2010. Paris 8-11 de Enero de 2010.<\/li>\n<li>Formaci\u00f3n en Bioplastia. Barcelona, 28 de Noviembre de 2009. X Curso de L\u00e1ser M\u00e9dico Quir\u00fargico. Clinica Planas. Barcelona 15-17 de Octubre de 2009. Allergan Facial Aesthetics.Madrid 2 de Junio de 2009. Allergan Educational Programme. M\u00f3naco. 20 de Marzo de 2009<\/li>\n<li>\u201cPuesta al d\u00eda de los Factores de Crecimiento\u201d.Fundaci\u00f3n Garc\u00eda Cugat. Barcelona, 28 de Marzo de 2009.<\/li>\n<li>Anti-Aging Medicine World Congres and Medispa- Montecarlo, 19-21 de Marzo de 2009.<\/li>\n<li>Tractament global no quir\u00fargic de l\u00b4envelliment facial\u201d. Congreso de la Societat Catalana d\u00b4Odontoestmatolog\u00eda.Barcelona, 24 de Enero 2009.<\/li>\n<li>I Curso Internacional de Rinoplastia.Sevilla, 13-15 de Noviembre de 2008.<\/li>\n<li>I Jornada pr\u00e1ctico-cientifica sobre el uso de Evolence. Barcelona, Noviembre 2008.<\/li>\n<li>Curso te\u00f3rico-pr\u00e1ctico sobre el uso de Radiesse, Implante inyectable. Barcelona, Noviembre 2008.<\/li>\n<li>Masterclass Allergan para el uso de Vistabel y \u00c1cido Hialur\u00f3nico para el tratamiento del envejecimiento facial. Barcelona Octubre 2008.<\/li>\n<li>Seminarios y sesiones cl\u00ednicas sobre aplicaciones cut\u00e1neas del l\u00e1ser. Clinica Teknon. Barcelona, 27 y 28 Septiembre 2008.<\/li>\n<li>XLIII Congreso de la Sociedad Espa\u00f1ola de Cirug\u00eda Pl\u00e1stica, Reparadora y Est\u00e9tica. Zaragoza, Junio 2008<\/li>\n<li>Curso de Mesoplastia avanzada, Metodo Dr. Gerardo \u2013Lee. Barcelona, 14-15 Marzo 2008.<\/li>\n<li>IMCAS 2008. Par\u00eds. Enero, 2008.<\/li>\n<li>VI Jornada de confrontaci\u00f3n de casos clinicos organizada por la SECPRE. Madrid. Diciembre, 2007.<\/li>\n<li>Masterclass Allergan para el uso de Vistabel y \u00c1cido Hialur\u00f3nico para el tratamiento del envejecimiento facial. Barcelona, Noviembre 2007.<\/li>\n<li>Master Class del uso avanzado de neuromodulador y rellenos d\u00e9rmicos en medicina est\u00e9tica. Barcelona, 9-10 de Noviembre de 2007.<\/li>\n<li>IX Curso de L\u00e1ser Medico Quir\u00fargico. Clinica Planas. Noviembre, 2007.<\/li>\n<li>X Jornadas Internacionales L\u00e1ser, Luz Pulsada, T\u00e9cnicas Dermocosm\u00e9ticas y Avances en Medicina y Cirug\u00eda Est\u00e9tica. Barcelona, 26 y 27 de Octubre de 2007<\/li>\n<li>Jornadas Mediform Laser, luz pulsada, t\u00e9cnicas dermocosm\u00e9ticas y avances en medicina y cirug\u00eda estetica. Barcelona, Octubre 2007<\/li>\n<li>\u201cPrograma de Habilidades en el asesoramiento de la consulta\u201d Barcelona, 6 de Julio de 2007.<\/li>\n<li>IMCAS 2007. Par\u00eds. Enero 2007<\/li>\n<li>Contour ThreadLift Skills Transfer Course. Tarragona, Spain. 29 Septiembre 2006.<\/li>\n<li>23 International Congress of the French Society of Aesthetic Surgery. Par\u00eds. Mayo 2006.<\/li>\n<\/ul>\n<\/div><\/div>\n<div class=\"accordion-item\"><a href=\"#\" class=\"accordion-title plain\"><button class=\"toggle\" aria-label=\"Toggle\"><i class=\"icon-angle-down\"><\/i><\/button><span>2001-2005<\/span><\/a><div class=\"accordion-inner\">\n<ul>\n<li>Advances in Aesthetic Plastic Surgery. 27 Annual Symposium. The Cutting Edge V. New York, November 2005.<\/li>\n<li>XL Congreso de la Sociedad Espa\u00f1ola de Cirug\u00eda Pl\u00e1stica, Reparadora y Est\u00e9tica. A Coru\u00f1a 1-3 Junio de 2005.<\/li>\n<li>XIII Congreso Nacional Y II Internacional de la Sociedad Espa\u00f1ola de Odontolog\u00eda Conservadora. Granada 6 y 7 de Mayo de 2005.<\/li>\n<li>Jornada d\u00b4actualitzacio en est\u00e8tica. Servei de cirurgia pl\u00e0stica i maxilo-facial. Hospital Universitari Sagrat Cor Barcelona. Febrer 2005<\/li>\n<li>XXI Curso Internacional Pr\u00e1ctico Intensivo L\u00e1ser en Medicina y Cirug\u00eda. Cambrils, Tarragona 12-14 Noviembre 2004.<\/li>\n<li>XV Congreso de la Federaci\u00f3n Ibero-latinoamericana de Cirug\u00eda Pl\u00e1stica y XXXIX Congreso de la Sociedad Espa\u00f1ola de Cirug\u00eda Pl\u00e1stica, Reparadora y Est\u00e9tica. Sevilla 7-11 de Mayo 2004.<\/li>\n<li>I Worshop en indicaciones est\u00e9ticas de la neuromodulador. Barcelona, 20-21 Febrero 2004.<\/li>\n<li>Curso internacional. Avances en Cirug\u00eda Pl\u00e1stica y Est\u00e9tica, Rejuvenecimiento Cut\u00e1neo y Antiaging. Barcelona, 3 al 5 de Julio 2003.<\/li>\n<li>XXXVIII Congreso de la Sociedad Espa\u00f1ola de Cirug\u00eda Pl\u00e1stica Reparadora y Est\u00e9tica. Barcelona, Junio 2003<\/li>\n<li>XXXVII Congreso de la SECPRE. Oviedo. 29 Mayo a 1 Junio 2002<\/li>\n<li>X Jornadas Mediterr\u00e1neas. Sitges. De 11 a 14 Abril 2002.<\/li>\n<li>IV Jornada Internacional de L\u00e1ser, Luz Intensa Pulsada y T\u00e9cnicas Dermocosm\u00e9ticas. Madrid. de 23 al 25 Noviembre 2001<\/li>\n<li>I Congreso Latino de Cirug\u00eda Est\u00e9tica. Madrid, De 1 al 4 de Noviembre de 2001.<\/li>\n<li>Curso Internacional de Implantes Faciales. Barcelona, 30 Septiembre 2001<\/li>\n<li>XXXVI Congreso de la SECPRE. Palma de Mallorca. 27 Abril 2001<\/li>\n<li>IX Jornadas Mediterr\u00e1neas de Confrontaciones Terap\u00e9uticas en Medicina y Cirug\u00eda Est\u00e9tica. Barcelona. De 21 al 25 Marzo 2001.<\/li>\n<\/ul>\n<\/div><\/div>\n<div class=\"accordion-item\"><a href=\"#\" class=\"accordion-title plain\"><button class=\"toggle\" aria-label=\"Toggle\"><i class=\"icon-angle-down\"><\/i><\/button><span>1996-2000<\/span><\/a><div class=\"accordion-inner\">\n<ul>\n<li>XIII Congres International de M\u00e9decine Esth\u00e9tique. Monte-Carlo. De 1 al 4 Noviembre 2000.<\/li>\n<li>1\u00aa Jornada sobre Tratamiento de la Hiperhidrosis. Barcelona, 16 Junio 2000<\/li>\n<li>XXXV Congreso de la SECPRE. Las Palmas de Gran Canaria. De 2 al 5 Mayo 2000.<\/li>\n<li>XV Curso Internacional Pr\u00e1ctico Intensivo L\u00e1sers en Medicina y Cirug\u00eda. Cirug\u00eda Est\u00e9tica, L\u00e1ser y T\u00e9cnicas Complementarias. Instituto M\u00e9dico Vilafortuny. Cambrils (Tarragona), 6 al 8 de Noviembre de 1999.<\/li>\n<li>XXXIV Congreso Nacional de la Sociedad Espa\u00f1ola de Cirug\u00eda Pl\u00e1stica, Reparadora y Est\u00e9tica. Marbella, 25 al 29 de Abril de 1999.<\/li>\n<li>VII Curso de Urgencias y Emergencias M\u00e9dicas extrahospitalarias. Consejo Coordinador de la Formaci\u00f3n M\u00e9dica continuada. Barcelona, 29 y 30 de Octubre de 1999.<\/li>\n<li>XV Congreso Nacional de la Sociedad Espa\u00f1ola de Medicina Est\u00e9tica. Barcelona, de 26 al 28 Febrero 1999.<\/li>\n<li>International Master Course on Ageing Skin. Paris, 13 al 15 Diciembre 1998.<\/li>\n<li>XV Curso Internacional pr\u00e1ctico intensivo L\u00e1ser en Medicina y Cirug\u00eda. Cirug\u00eda Est\u00e9tica, L\u00e1ser y T\u00e9cnicas complementarias. Instituto M\u00e9dico Vilafortuny, Cambrils (Tarragona). Noviembre 1998.<\/li>\n<li>Curso Te\u00f3rico Pr\u00e1ctico de L\u00e1ser. Cl\u00ednica Romen. Madrid, 14 de Octubre de 1998.<\/li>\n<li>XXXIII Congreso Nacional de la Sociedad Espa\u00f1ola de Cirug\u00eda Pl\u00e1stica, Reparadora y Est\u00e9tica. Valencia, 14 al 16 de Mayo de 1998.<\/li>\n<li>I Symposium anual de Cirug\u00eda Est\u00e9tica. Centro M\u00e9dico Teknon. Barcelona, 7 y 8 de Noviembre de 1997.<\/li>\n<li>Curso particular de T\u00e9cnicas sobre el uso del l\u00e1ser de CO2, incluyendo cirug\u00eda, impartido en su centro por Thomas L. Roberts III, director del Cosmetic L\u00e1ser Surgery Center of the Carolinas. Spartanburg; South Carolina; USA. 7 al 14 de Mayo de 1997.<\/li>\n<li>The Aesthetic Society\u00b4s. 30th Annual Meeting. New York. Mayo 1997.<\/li>\n<li>The Xth Anniversary International Symposium of Plastic and Aesthetic Surgery. Niza; Abril 1997.<\/li>\n<li>Curso te\u00f3rico-pr\u00e1ctico de instrucci\u00f3n sobre l\u00e1ser CO2 en Cirug\u00eda Pl\u00e1stica. Societat Catalana de Cirurgia Pl\u00e0stica i Est\u00e8tica. Barcelona, Febrero 1997.<\/li>\n<li>Jornada de la Asociaci\u00f3n Espa\u00f1ola de Cirug\u00eda Est\u00e9tica sobre l\u00e1ser y rejuvenecimiento facial. Cl\u00ednica Tres Torres. Barcelona; Febrero1997<\/li>\n<li>Jornadas presentaci\u00f3n PhotoDerm. Cl\u00ednica Tres Torres. Barcelona, Noviembre 1996<\/li>\n<li>Jornadas L\u00e1ser Medic: Los L\u00e1seres S\u00f3lidos en Cirug\u00eda Pl\u00e1stica y Dermatolog\u00eda. Barcelona; Noviembre 1996<\/li>\n<li>Curso de instrucci\u00f3n sobre sistemas de L\u00e1ser de C02 en Cirug\u00eda Pl\u00e1stica. Madrid, Junio 1996.<\/li>\n<li>XI Curso Internacional de Cirug\u00eda Pl\u00e1stica y Est\u00e9tica, Cl\u00ednica Planas, Barcelona, Julio 1996.<\/li>\n<li>Curso de entrenamiento peeling BIOMEDIC. Barcelona, Mayo 1996.<\/li>\n<li>Curso Pr\u00e1ctico de L\u00e1ser de C02 ultra pulsado para Cirug\u00eda Est\u00e9tica. Barcelona. Febrero 1996.<\/li>\n<\/ul>\n<\/div><\/div>\n<div class=\"accordion-item\"><a href=\"#\" class=\"accordion-title plain\"><button class=\"toggle\" aria-label=\"Toggle\"><i class=\"icon-angle-down\"><\/i><\/button><span>1982-1995<\/span><\/a><div class=\"accordion-inner\">\n<ul>\n<li>II Curso Internacional sobre peelings y dermoabrasiones. Cl\u00ednica Planas. Barcelona. Septiembre 1995<\/li>\n<li>I Simposium TRILUCENT. Barcelona. Junio 1995.<\/li>\n<li>XI Congreso Nacional de la Sociedad Espa\u00f1ola de Medicina Est\u00e9tica. Barcelona. Junio 1995.<\/li>\n<li>Jornadas sobre tratamientos a base de alfa-hidroxi\u00e1cidos. Barcelona, Septiembre 1994.<\/li>\n<li>X Curso Internacional de Cirug\u00eda Pl\u00e1stica y Est\u00e9tica. Cl\u00ednica Planas. Barcelona, Junio 1993.<\/li>\n<li>X Congreso de la Sociedad Internacional de Cirug\u00eda Pl\u00e1stica y Reparadora. Madrid 1992.<\/li>\n<li>Jornadas Quir\u00fargicas sobre Liposucci\u00f3n Superficial. Barcelona 1992.<\/li>\n<li>Reuni\u00f3n Nacional de la Sociedad Espa\u00f1ola de Cirug\u00eda Pl\u00e1stica, Reparadora y Est\u00e9tica. Barcelona 1990.<\/li>\n<li>Symposium Sur la Chirurgie du Rajeunissement du Visage. Niza, Francia. Noviembre 1989.<\/li>\n<li>XX Reuni\u00f3n Nacional de la Sociedad Espa\u00f1ola de Cirug\u00eda Pl\u00e1stica, Reparadora y Est\u00e9tica. Le\u00f3n 1989.<\/li>\n<li>IV Jornada cient\u00edfica de la Societat Catalana de Cirurgia Pl\u00e0stica i Est\u00e8tica. Barcelona 1989.<\/li>\n<li>Jornadas de actualizaci\u00f3n en Cirug\u00eda Pl\u00e1stica y Est\u00e9tica. Zaragoza. Enero 1989.<\/li>\n<li>III Symposium sobre expansi\u00f3n tisular. Barcelona. 1988<\/li>\n<li>II Symposium sobre expansi\u00f3n tisular. Barcelona. 1987<\/li>\n<li>I Symposium nacional sobre rejuvenecimiento facial y col\u00e1geno. Madrid Noviembre 1987<\/li>\n<li>III Jornada de trabajo sobre celuloterapia. Hamburgo (Alemania), Junio de 1987.<\/li>\n<li>Actualizaci\u00f3n en el problema de la liposucci\u00f3n, Barcelona. Octubre 1984<\/li>\n<li>II Jornadas de Anatom\u00eda Quir\u00fargica de la mano, Bellaterra (Barcelona). Noviembre 1982.<\/li>\n<\/ul>\n<\/div><\/div>\n<\/div>\n\t\t<\/div>\n\t\t\t\t\t<\/div>\n\n\t\n<\/div>\n\t<div id=\"gap-857624948\" class=\"gap-element clearfix\" style=\"display:block; height:auto;\">\n\t\t\n<style>\n#gap-857624948 {\n  padding-top: 40px;\n}\n<\/style>\n\t<\/div>\n\t\n\t\t<\/div>\n\n\t\t\n<style>\n#section_2078274400 {\n  padding-top: 30px;\n  padding-bottom: 30px;\n  background-color: rgb(242, 242, 242);\n}\n#section_2078274400 .ux-shape-divider--top svg {\n  height: 150px;\n  --divider-top-width: 100%;\n}\n#section_2078274400 .ux-shape-divider--bottom svg {\n  height: 150px;\n  --divider-width: 100%;\n}\n<\/style>\n\t<\/section>\n\t\n\t<section class=\"section\" id=\"section_2045224449\">\n\t\t<div class=\"bg section-bg fill bg-fill  bg-loaded\" >\n\n\t\t\t\n\t\t\t\n\t\t\t\n\n\t\t<\/div>\n\n\t\t\n\n\t\t<div class=\"section-content relative\">\n\t\t\t\n\t<div id=\"gap-203627328\" class=\"gap-element clearfix\" style=\"display:block; height:auto;\">\n\t\t\n<style>\n#gap-203627328 {\n  padding-top: 40px;\n}\n<\/style>\n\t<\/div>\n\t\n<div class=\"row\"  id=\"row-2121604124\">\n\n\t<div id=\"col-1667212536\" class=\"col medium-9 small-12 large-9\"  >\n\t\t\t\t<div class=\"col-inner\"  >\n\t\t\t\n\t\t\t\n<h3>PUBLICACIONES<\/h3>\n<p><strong>En revistas cient\u00edficas<\/strong><\/p>\n<ul>\n<li><span lang=\"EN-US\">Treatment of Soft Tissue Filler Complications: Expert Consensus Recommendations<\/span><\/li>\n<li>\n<p><span lang=\"EN-US\">Preventing the Complications Associated with the Use of Dermal Fillers in Facial Aesthetic Procedures: An Expert Group Consensus Report<\/span><\/p>\n<\/li>\n<li>The Three Freeflaps of SMASH. Plastic Surgery 1992; Vol. I<\/li>\n<li>Mamo plastia de aumento. Revista Est\u00e9tica Internacional. Septiembre 1991.<\/li>\n<li>Liposucci\u00f3n. Aspectos t\u00e9cnicos y consideraciones generales. Revista de Cirug\u00eda Pl\u00e1stica Iberoamericana. Vol. XI; n\u00ba 3; Julio-Sept. 1985<\/li>\n<li>Liposoluzione nel trattamento Est\u00e9tico. Dell abdome e della regione trocanterica. Rivista Italiana di Chirurgia Pl\u00e1stica. Vol 17; 1985<\/li>\n<\/ul>\n<p><strong>En v\u00eddeos<\/strong><\/p>\n<ul>\n<li>Reducci\u00f3n y mastopex\u00eda mamaria seg\u00fan t\u00e9cnica de Lejour. Nuestra experiencia. Junio 1995, Santiago de Compostela.<\/li>\n<li>Empleo del injerto aut\u00f3logo de hueso parietal para corregir la deformidad del dorso de la nariz secundaria. 8\u00ba Congreso Nacional de la Sociedad Espa\u00f1ola de Cirug\u00eda Pl\u00e1stica, Reparadora y Est\u00e9tica. Junio 1995. Santiago de Compostela,<\/li>\n<li>Lifting subperi\u00f3stico, Madrid. Junio 1992.<\/li>\n<li>Three freeflaps of SMASH. Intemational Plastic Reconstructive Surgery. Madrid, Junio 1992<\/li>\n<li>Lifting facial completo. Febrero 1990. Universidad de Padua.<\/li>\n<\/ul>\n\t\t<\/div>\n\t\t\t\t\t<\/div>\n\n\t\n\n\t<div id=\"col-1984454057\" class=\"col medium-3 small-12 large-3\"  >\n\t\t\t\t<div class=\"col-inner\"  >\n\t\t\t\n\t\t\t\n<h3>SUSCRIPCIONES ACTUALES A REVISTAS CIENT\u00cdFICAS<\/h3>\n<ul>\n<li>Plastic and Reconstructive Surgery<\/li>\n<li>Cirug\u00eda Pl\u00e1stica Ibero-Latinoamericana<\/li>\n<li>Aesthetic and Plastic Surgery<\/li>\n<\/ul>\n\t\t<\/div>\n\t\t\t\t\t<\/div>\n\n\t\n<\/div>\n\t<div id=\"gap-1896931168\" class=\"gap-element clearfix\" style=\"display:block; height:auto;\">\n\t\t\n<style>\n#gap-1896931168 {\n  padding-top: 40px;\n}\n<\/style>\n\t<\/div>\n\t\n\t\t<\/div>\n\n\t\t\n<style>\n#section_2045224449 {\n  padding-top: 30px;\n  padding-bottom: 30px;\n  background-color: rgb(255, 255, 255);\n}\n#section_2045224449 .ux-shape-divider--top svg {\n  height: 150px;\n  --divider-top-width: 100%;\n}\n#section_2045224449 .ux-shape-divider--bottom svg {\n  height: 150px;\n  --divider-width: 100%;\n}\n<\/style>\n\t<\/section>\n\t\n","protected":false},"excerpt":{"rendered":"","protected":false},"author":4,"featured_media":10691,"parent":0,"menu_order":0,"comment_status":"closed","ping_status":"closed","template":"","meta":{"h5ap_radio_sources":[],"footnotes":""},"class_list":["post-9792","page","type-page","status-publish","has-post-thumbnail","hentry"],"yoast_head":"<!-- This site is optimized with the Yoast SEO plugin v27.5 - https:\/\/yoast.com\/product\/yoast-seo-wordpress\/ -->\n<title>Dra Cristina Villanueva - Dravillanueva.com<\/title>\n<meta name=\"description\" content=\"Son m\u00e1s de 25 a\u00f1os dedicada profesionalmente a la medicina est\u00e9tica, la cirug\u00eda pl\u00e1stica y la cirug\u00eda est\u00e9tica.\" \/>\n<meta name=\"robots\" content=\"index, follow, max-snippet:-1, max-image-preview:large, max-video-preview:-1\" \/>\n<link rel=\"canonical\" href=\"https:\/\/dravillanueva.com\/medicina-estetica\/dra-cristina-villanueva\/\" \/>\n<meta property=\"og:locale\" content=\"es_ES\" \/>\n<meta property=\"og:type\" content=\"article\" \/>\n<meta property=\"og:title\" content=\"Dra Cristina Villanueva - Dravillanueva.com\" \/>\n<meta property=\"og:description\" content=\"Son m\u00e1s de 25 a\u00f1os dedicada profesionalmente a la medicina est\u00e9tica, la cirug\u00eda pl\u00e1stica y la cirug\u00eda est\u00e9tica.\" \/>\n<meta property=\"og:url\" content=\"https:\/\/dravillanueva.com\/medicina-estetica\/dra-cristina-villanueva\/\" \/>\n<meta property=\"og:site_name\" content=\"Dravillanueva.com\" \/>\n<meta property=\"article:modified_time\" content=\"2026-04-29T11:49:53+00:00\" \/>\n<meta property=\"og:image\" content=\"https:\/\/dravillanueva.com\/medicina-estetica\/wp-content\/uploads\/Dra-Cristina-Villanueva-1.jpg\" \/>\n\t<meta property=\"og:image:width\" content=\"2200\" \/>\n\t<meta property=\"og:image:height\" content=\"1467\" \/>\n\t<meta property=\"og:image:type\" content=\"image\/jpeg\" \/>\n<meta name=\"twitter:card\" content=\"summary_large_image\" \/>\n<meta name=\"twitter:label1\" content=\"Tiempo de lectura\" \/>\n\t<meta name=\"twitter:data1\" content=\"40 minutos\" \/>\n<script type=\"application\/ld+json\" class=\"yoast-schema-graph\">{\"@context\":\"https:\\\/\\\/schema.org\",\"@graph\":[{\"@type\":\"WebPage\",\"@id\":\"https:\\\/\\\/dravillanueva.com\\\/medicina-estetica\\\/dra-cristina-villanueva\\\/\",\"url\":\"https:\\\/\\\/dravillanueva.com\\\/medicina-estetica\\\/dra-cristina-villanueva\\\/\",\"name\":\"Dra Cristina Villanueva - Dravillanueva.com\",\"isPartOf\":{\"@id\":\"https:\\\/\\\/dravillanueva.com\\\/medicina-estetica\\\/#website\"},\"primaryImageOfPage\":{\"@id\":\"https:\\\/\\\/dravillanueva.com\\\/medicina-estetica\\\/dra-cristina-villanueva\\\/#primaryimage\"},\"image\":{\"@id\":\"https:\\\/\\\/dravillanueva.com\\\/medicina-estetica\\\/dra-cristina-villanueva\\\/#primaryimage\"},\"thumbnailUrl\":\"https:\\\/\\\/dravillanueva.com\\\/medicina-estetica\\\/wp-content\\\/uploads\\\/Dra-Cristina-Villanueva-1.jpg\",\"datePublished\":\"2016-06-22T16:50:44+00:00\",\"dateModified\":\"2026-04-29T11:49:53+00:00\",\"description\":\"Son m\u00e1s de 25 a\u00f1os dedicada profesionalmente a la medicina est\u00e9tica, la cirug\u00eda pl\u00e1stica y la cirug\u00eda est\u00e9tica.\",\"breadcrumb\":{\"@id\":\"https:\\\/\\\/dravillanueva.com\\\/medicina-estetica\\\/dra-cristina-villanueva\\\/#breadcrumb\"},\"inLanguage\":\"es\",\"potentialAction\":[{\"@type\":\"ReadAction\",\"target\":[\"https:\\\/\\\/dravillanueva.com\\\/medicina-estetica\\\/dra-cristina-villanueva\\\/\"]}]},{\"@type\":\"ImageObject\",\"inLanguage\":\"es\",\"@id\":\"https:\\\/\\\/dravillanueva.com\\\/medicina-estetica\\\/dra-cristina-villanueva\\\/#primaryimage\",\"url\":\"https:\\\/\\\/dravillanueva.com\\\/medicina-estetica\\\/wp-content\\\/uploads\\\/Dra-Cristina-Villanueva-1.jpg\",\"contentUrl\":\"https:\\\/\\\/dravillanueva.com\\\/medicina-estetica\\\/wp-content\\\/uploads\\\/Dra-Cristina-Villanueva-1.jpg\",\"width\":2200,\"height\":1467,\"caption\":\"Dra-Cristina-Villanueva\"},{\"@type\":\"BreadcrumbList\",\"@id\":\"https:\\\/\\\/dravillanueva.com\\\/medicina-estetica\\\/dra-cristina-villanueva\\\/#breadcrumb\",\"itemListElement\":[{\"@type\":\"ListItem\",\"position\":1,\"name\":\"Portada\",\"item\":\"https:\\\/\\\/dravillanueva.com\\\/medicina-estetica\\\/\"},{\"@type\":\"ListItem\",\"position\":2,\"name\":\"Dra Cristina Villanueva\"}]},{\"@type\":\"WebSite\",\"@id\":\"https:\\\/\\\/dravillanueva.com\\\/medicina-estetica\\\/#website\",\"url\":\"https:\\\/\\\/dravillanueva.com\\\/medicina-estetica\\\/\",\"name\":\"Dravillanueva.com\",\"description\":\"Especialista en Medicina Est\u00e9tica\",\"potentialAction\":[{\"@type\":\"SearchAction\",\"target\":{\"@type\":\"EntryPoint\",\"urlTemplate\":\"https:\\\/\\\/dravillanueva.com\\\/medicina-estetica\\\/?s={search_term_string}\"},\"query-input\":{\"@type\":\"PropertyValueSpecification\",\"valueRequired\":true,\"valueName\":\"search_term_string\"}}],\"inLanguage\":\"es\"}]}<\/script>\n<!-- \/ Yoast SEO plugin. -->","yoast_head_json":{"title":"Dra Cristina Villanueva - Dravillanueva.com","description":"Son m\u00e1s de 25 a\u00f1os dedicada profesionalmente a la medicina est\u00e9tica, la cirug\u00eda pl\u00e1stica y la cirug\u00eda est\u00e9tica.","robots":{"index":"index","follow":"follow","max-snippet":"max-snippet:-1","max-image-preview":"max-image-preview:large","max-video-preview":"max-video-preview:-1"},"canonical":"https:\/\/dravillanueva.com\/medicina-estetica\/dra-cristina-villanueva\/","og_locale":"es_ES","og_type":"article","og_title":"Dra Cristina Villanueva - Dravillanueva.com","og_description":"Son m\u00e1s de 25 a\u00f1os dedicada profesionalmente a la medicina est\u00e9tica, la cirug\u00eda pl\u00e1stica y la cirug\u00eda est\u00e9tica.","og_url":"https:\/\/dravillanueva.com\/medicina-estetica\/dra-cristina-villanueva\/","og_site_name":"Dravillanueva.com","article_modified_time":"2026-04-29T11:49:53+00:00","og_image":[{"width":2200,"height":1467,"url":"https:\/\/dravillanueva.com\/medicina-estetica\/wp-content\/uploads\/Dra-Cristina-Villanueva-1.jpg","type":"image\/jpeg"}],"twitter_card":"summary_large_image","twitter_misc":{"Tiempo de lectura":"40 minutos"},"schema":{"@context":"https:\/\/schema.org","@graph":[{"@type":"WebPage","@id":"https:\/\/dravillanueva.com\/medicina-estetica\/dra-cristina-villanueva\/","url":"https:\/\/dravillanueva.com\/medicina-estetica\/dra-cristina-villanueva\/","name":"Dra Cristina Villanueva - Dravillanueva.com","isPartOf":{"@id":"https:\/\/dravillanueva.com\/medicina-estetica\/#website"},"primaryImageOfPage":{"@id":"https:\/\/dravillanueva.com\/medicina-estetica\/dra-cristina-villanueva\/#primaryimage"},"image":{"@id":"https:\/\/dravillanueva.com\/medicina-estetica\/dra-cristina-villanueva\/#primaryimage"},"thumbnailUrl":"https:\/\/dravillanueva.com\/medicina-estetica\/wp-content\/uploads\/Dra-Cristina-Villanueva-1.jpg","datePublished":"2016-06-22T16:50:44+00:00","dateModified":"2026-04-29T11:49:53+00:00","description":"Son m\u00e1s de 25 a\u00f1os dedicada profesionalmente a la medicina est\u00e9tica, la cirug\u00eda pl\u00e1stica y la cirug\u00eda est\u00e9tica.","breadcrumb":{"@id":"https:\/\/dravillanueva.com\/medicina-estetica\/dra-cristina-villanueva\/#breadcrumb"},"inLanguage":"es","potentialAction":[{"@type":"ReadAction","target":["https:\/\/dravillanueva.com\/medicina-estetica\/dra-cristina-villanueva\/"]}]},{"@type":"ImageObject","inLanguage":"es","@id":"https:\/\/dravillanueva.com\/medicina-estetica\/dra-cristina-villanueva\/#primaryimage","url":"https:\/\/dravillanueva.com\/medicina-estetica\/wp-content\/uploads\/Dra-Cristina-Villanueva-1.jpg","contentUrl":"https:\/\/dravillanueva.com\/medicina-estetica\/wp-content\/uploads\/Dra-Cristina-Villanueva-1.jpg","width":2200,"height":1467,"caption":"Dra-Cristina-Villanueva"},{"@type":"BreadcrumbList","@id":"https:\/\/dravillanueva.com\/medicina-estetica\/dra-cristina-villanueva\/#breadcrumb","itemListElement":[{"@type":"ListItem","position":1,"name":"Portada","item":"https:\/\/dravillanueva.com\/medicina-estetica\/"},{"@type":"ListItem","position":2,"name":"Dra Cristina Villanueva"}]},{"@type":"WebSite","@id":"https:\/\/dravillanueva.com\/medicina-estetica\/#website","url":"https:\/\/dravillanueva.com\/medicina-estetica\/","name":"Dravillanueva.com","description":"Especialista en Medicina Est\u00e9tica","potentialAction":[{"@type":"SearchAction","target":{"@type":"EntryPoint","urlTemplate":"https:\/\/dravillanueva.com\/medicina-estetica\/?s={search_term_string}"},"query-input":{"@type":"PropertyValueSpecification","valueRequired":true,"valueName":"search_term_string"}}],"inLanguage":"es"}]}},"amp_enabled":true,"_links":{"self":[{"href":"https:\/\/dravillanueva.com\/medicina-estetica\/wp-json\/wp\/v2\/pages\/9792","targetHints":{"allow":["GET"]}}],"collection":[{"href":"https:\/\/dravillanueva.com\/medicina-estetica\/wp-json\/wp\/v2\/pages"}],"about":[{"href":"https:\/\/dravillanueva.com\/medicina-estetica\/wp-json\/wp\/v2\/types\/page"}],"author":[{"embeddable":true,"href":"https:\/\/dravillanueva.com\/medicina-estetica\/wp-json\/wp\/v2\/users\/4"}],"replies":[{"embeddable":true,"href":"https:\/\/dravillanueva.com\/medicina-estetica\/wp-json\/wp\/v2\/comments?post=9792"}],"version-history":[{"count":57,"href":"https:\/\/dravillanueva.com\/medicina-estetica\/wp-json\/wp\/v2\/pages\/9792\/revisions"}],"predecessor-version":[{"id":16178,"href":"https:\/\/dravillanueva.com\/medicina-estetica\/wp-json\/wp\/v2\/pages\/9792\/revisions\/16178"}],"wp:featuredmedia":[{"embeddable":true,"href":"https:\/\/dravillanueva.com\/medicina-estetica\/wp-json\/wp\/v2\/media\/10691"}],"wp:attachment":[{"href":"https:\/\/dravillanueva.com\/medicina-estetica\/wp-json\/wp\/v2\/media?parent=9792"}],"curies":[{"name":"wp","href":"https:\/\/api.w.org\/{rel}","templated":true}]}}