
{"id":9781,"date":"2016-06-22T16:13:07","date_gmt":"2016-06-22T16:13:07","guid":{"rendered":"http:\/\/www.dravillanueva.com\/medicinaestetica\/?page_id=9781"},"modified":"2020-02-05T13:31:30","modified_gmt":"2020-02-05T11:31:30","slug":"experiencia-y-formacion","status":"publish","type":"page","link":"https:\/\/dravillanueva.com\/medicina-estetica\/experiencia-y-formacion\/","title":{"rendered":"Experiencia y formaci\u00f3n"},"content":{"rendered":"\n  <div class=\"banner has-hover\" id=\"banner-1667481639\">\n          <div class=\"banner-inner fill\">\n        <div class=\"banner-bg fill\" >\n            <div class=\"bg fill bg-fill \"><\/div>\n                                    \n                    <\/div>\n\t\t\n        <div class=\"banner-layers container\">\n            <div class=\"fill banner-link\"><\/div>            \n   <div id=\"text-box-283453760\" class=\"text-box banner-layer x50 md-x50 lg-x50 y85 md-y85 lg-y85 res-text\">\n                                <div class=\"text-box-content text dark\">\n              \n              <div class=\"text-inner text-center\">\n                  \n<h2 class=\"uppercase\"><strong>ExPERIENCIA Y FORMACI\u00d3N<\/strong><\/h2>\n<p>Lorem ipsum dolor sit amet, consectetuer adipiscing elit, sed diam nonummy nibh euismod tincidunt ut.<\/p>\n              <\/div>\n           <\/div>\n                            \n<style>\n#text-box-283453760 {\n  width: 60%;\n}\n#text-box-283453760 .text-box-content {\n  font-size: 100%;\n}\n<\/style>\n    <\/div>\n \n        <\/div>\n      <\/div>\n\n            \n<style>\n#banner-1667481639 {\n  padding-top: 350px;\n  background-color: rgba(210, 110, 75, 0.5);\n}\n#banner-1667481639 .ux-shape-divider--top svg {\n  height: 150px;\n  --divider-top-width: 100%;\n}\n#banner-1667481639 .ux-shape-divider--bottom svg {\n  height: 150px;\n  --divider-width: 100%;\n}\n<\/style>\n  <\/div>\n\n\n\t<section class=\"section\" id=\"section_962661382\">\n\t\t<div class=\"bg section-bg fill bg-fill  bg-loaded\" >\n\n\t\t\t\n\t\t\t\n\t\t\t\n\n\t\t<\/div>\n\n\t\t\n\n\t\t<div class=\"section-content relative\">\n\t\t\t\n\t<div id=\"gap-275349097\" class=\"gap-element clearfix\" style=\"display:block; height:auto;\">\n\t\t\n<style>\n#gap-275349097 {\n  padding-top: 70px;\n}\n<\/style>\n\t<\/div>\n\t\n<div class=\"row row-collapse align-center\"  id=\"row-1851032616\">\n\n\t<div id=\"col-271719176\" class=\"col medium-6 small-12 large-6\"  >\n\t\t\t\t<div class=\"col-inner text-left\"  >\n\t\t\t\n\t\t\t\n<p>Durante mi experiencia profesional, de\u00a0<strong>m\u00e1s de 30 a\u00f1os dedicada a la Cirug\u00eda Pl\u00e1stica y a la Medicina Est\u00e9tica<\/strong>, he tenido la oportunidad de conocer la evoluci\u00f3n de toda esta vertiente de la Medicina, y he podido comprobar de primera mano que la innovaci\u00f3n en relaci\u00f3n a los tratamientos de medicina est\u00e9tica ha sido incre\u00edble.<\/p>\n<p>Tratamientos que hace unos a\u00f1os parec\u00edan imposibles sin cirug\u00eda, hoy en d\u00eda pueden realizarse obteniendo buenos resultados visibles desde el primer momento, y sin las molestias post-quir\u00fargicas propias a una cirug\u00eda.<\/p>\n<p>Por lo tanto, el hecho de\u00a0<strong>ser capaz de combinar una larga experiencia profesional con una formaci\u00f3n continua<\/strong>, se convierte en un factor imprescindible para poder ofrecer los mejores tratamientos y las mejores t\u00e9cnicas a nuestros pacientes.<\/p>\n<p>En este sentido, como podr\u00e1s comprobar en mi <strong><a href=\"http:\/\/dravillanueva.com\/medicina-estetica\/dra-cristina-villanueva\/\">curr\u00edculum vitae<\/a><\/strong>, la formaci\u00f3n ha sido uno de los aspectos que siempre he valorado y tenido en cuenta durante mi desarrollo profesional, realizando innumerables cursos y ponencias tanto a nivel nacional como internacional. Esta <strong>formaci\u00f3n multidisciplinar, junto con mi experiencia como cirujano pl\u00e1stico, me confiere una visi\u00f3n global e integral de la medicina est\u00e9tica<\/strong>, aspecto que permite elaborar un tratamiento diferencial con resultados excelentes.<\/p>\n\t\t<\/div>\n\t\t\t\t\t<\/div>\n\n\t\n\n\t<div id=\"col-80927423\" class=\"col medium-6 small-12 large-6\"  >\n\t\t\t\t<div class=\"col-inner text-left\"  >\n\t\t\t\n\t\t\t\n\t<div class=\"img has-hover x md-x lg-x y md-y lg-y\" id=\"image_1482851421\">\n\t\t\t\t\t\t\t\t<div class=\"img-inner image-cover dark\" style=\"padding-top:62%;margin:0px 0px 0px 20px;\">\n\t\t\t<img loading=\"lazy\" decoding=\"async\" width=\"1020\" height=\"402\" src=\"https:\/\/dravillanueva.com\/medicina-estetica\/wp-content\/uploads\/Ponencia-sobre-rejuvenecimiento-de-la-mirada-1-1024x404.jpg\" class=\"attachment-large size-large\" alt=\"Ponencia sobre rejuvenecimiento de la mirada 1\" srcset=\"https:\/\/dravillanueva.com\/medicina-estetica\/wp-content\/uploads\/Ponencia-sobre-rejuvenecimiento-de-la-mirada-1-1024x404.jpg 1024w, https:\/\/dravillanueva.com\/medicina-estetica\/wp-content\/uploads\/Ponencia-sobre-rejuvenecimiento-de-la-mirada-1-300x118.jpg 300w, https:\/\/dravillanueva.com\/medicina-estetica\/wp-content\/uploads\/Ponencia-sobre-rejuvenecimiento-de-la-mirada-1-768x303.jpg 768w, https:\/\/dravillanueva.com\/medicina-estetica\/wp-content\/uploads\/Ponencia-sobre-rejuvenecimiento-de-la-mirada-1-600x237.jpg 600w, https:\/\/dravillanueva.com\/medicina-estetica\/wp-content\/uploads\/Ponencia-sobre-rejuvenecimiento-de-la-mirada-1-330x130.jpg 330w, https:\/\/dravillanueva.com\/medicina-estetica\/wp-content\/uploads\/Ponencia-sobre-rejuvenecimiento-de-la-mirada-1.jpg 1200w\" sizes=\"auto, (max-width: 1020px) 100vw, 1020px\" \/>\t\t\t\t\t\t\n\t\t\t\t\t<\/div>\n\t\t\t\t\t\t\t\t\n<style>\n#image_1482851421 {\n  width: 100%;\n}\n<\/style>\n\t<\/div>\n\t\n\t\t<\/div>\n\t\t\t\t\t<\/div>\n\n\t\n\n\t<div id=\"col-1619693107\" class=\"col small-12 large-12\"  >\n\t\t\t\t<div class=\"col-inner text-left\"  >\n\t\t\t\n\t\t\t\n<p>Igualmente, y gracias a mi experiencia, los buenos resultados obtenidos, y la satisfacci\u00f3n de mis pacientes, desde hace a\u00f1os he sido seleccionada para ser formadora habitual de otros doctores en Medicina Est\u00e9tica por parte de uno de los laboratorios farmac\u00e9uticos de mayor prestigio nacional e internacional. Esta posici\u00f3n y situaci\u00f3n me permite una doble ventaja: por un lado, recibir formaci\u00f3n internacional en las \u00faltimas t\u00e9cnicas que, posteriormente, transmito al resto de doctores en Espa\u00f1a; y, por otro lado, poner a disposici\u00f3n de mis pacientes las \u00faltimas t\u00e9cnicas y tratamientos de manera pionera.<\/p>\n<p>Todos estos aspectos que previamente os he expuesto me llenan de orgullo, me motivan y me aportan la\u00a0<strong>energ\u00eda necesaria para seguir trabajando cuidando al valor m\u00e1s importe en nuestra Cl\u00ednica Dra. Villanueva<\/strong>: Vosotros, nuestros pacientes.<\/p>\n\t<div id=\"gap-1008927811\" class=\"gap-element clearfix\" style=\"display:block; height:auto;\">\n\t\t\n<style>\n#gap-1008927811 {\n  padding-top: 30px;\n}\n<\/style>\n\t<\/div>\n\t\n\t\t<\/div>\n\t\t\t\t\t<\/div>\n\n\t\n<\/div>\n\t\t<\/div>\n\n\t\t\n<style>\n#section_962661382 {\n  padding-top: 30px;\n  padding-bottom: 30px;\n}\n#section_962661382 .ux-shape-divider--top svg {\n  height: 150px;\n  --divider-top-width: 100%;\n}\n#section_962661382 .ux-shape-divider--bottom svg {\n  height: 150px;\n  --divider-width: 100%;\n}\n<\/style>\n\t<\/section>\n\t\n\t<section class=\"section\" id=\"section_1190682320\">\n\t\t<div class=\"bg section-bg fill bg-fill  bg-loaded\" >\n\n\t\t\t\n\t\t\t\n\t\t\t\n\n\t\t<\/div>\n\n\t\t\n\n\t\t<div class=\"section-content relative\">\n\t\t\t\n<div class=\"row align-center\"  id=\"row-962180689\">\n\n\t<div id=\"col-323894967\" class=\"col small-12 large-12\"  >\n\t\t\t\t<div class=\"col-inner text-left\"  >\n\t\t\t\n\t\t\t\n\t<div id=\"gap-835231268\" class=\"gap-element clearfix\" style=\"display:block; height:auto;\">\n\t\t\n<style>\n#gap-835231268 {\n  padding-top: 30px;\n}\n<\/style>\n\t<\/div>\n\t\n<h3><span style=\"font-size: 100%;\"><strong>Otras claves para tener unos excelentes resultados<br \/><\/strong><\/span><\/h3>\n\t\t<\/div>\n\t\t\t\t\t<\/div>\n\n\t\n\n\t<div id=\"col-1641597429\" class=\"col medium-3 small-12 large-3\"  >\n\t\t\t\t<div class=\"col-inner text-left\"  >\n\t\t\t\n\t\t\t\n\t<div class=\"img has-hover x md-x lg-x y md-y lg-y\" id=\"image_1636182894\">\n\t\t\t\t\t\t\t\t<div class=\"img-inner image-cover dark\" style=\"padding-top:75%;\">\n\t\t\t<img loading=\"lazy\" decoding=\"async\" width=\"1020\" height=\"669\" src=\"https:\/\/dravillanueva.com\/medicina-estetica\/wp-content\/uploads\/Diagnostico-1024x672.jpg\" class=\"attachment-large size-large\" alt=\"Trato personalizado\" srcset=\"https:\/\/dravillanueva.com\/medicina-estetica\/wp-content\/uploads\/Diagnostico-1024x672.jpg 1024w, https:\/\/dravillanueva.com\/medicina-estetica\/wp-content\/uploads\/Diagnostico-300x197.jpg 300w, https:\/\/dravillanueva.com\/medicina-estetica\/wp-content\/uploads\/Diagnostico-768x504.jpg 768w, https:\/\/dravillanueva.com\/medicina-estetica\/wp-content\/uploads\/Diagnostico-600x394.jpg 600w, https:\/\/dravillanueva.com\/medicina-estetica\/wp-content\/uploads\/Diagnostico-330x216.jpg 330w, https:\/\/dravillanueva.com\/medicina-estetica\/wp-content\/uploads\/Diagnostico.jpg 1250w\" sizes=\"auto, (max-width: 1020px) 100vw, 1020px\" \/>\t\t\t\t\t\t\n\t\t\t\t\t<\/div>\n\t\t\t\t\t\t\t\t\n<style>\n#image_1636182894 {\n  width: 100%;\n}\n<\/style>\n\t<\/div>\n\t\n\t\t<\/div>\n\t\t\t\t\t<\/div>\n\n\t\n\n\t<div id=\"col-2017301648\" class=\"col medium-3 small-12 large-3\"  >\n\t\t\t\t<div class=\"col-inner text-left\"  >\n\t\t\t\n\t\t\t\n\t<div id=\"gap-966968508\" class=\"gap-element clearfix\" style=\"display:block; height:auto;\">\n\t\t\n<style>\n#gap-966968508 {\n  padding-top: 20px;\n}\n<\/style>\n\t<\/div>\n\t\n<h4>Trato Personalizado<\/h4>\n<p>Realizar un diagn\u00f3stico adecuado y comprender las necesidades de cada uno de nuestros pacientes es clave para garantizar el \u00e9xito y la satisfacci\u00f3n.<\/p>\n\t<div id=\"gap-1992464649\" class=\"gap-element clearfix\" style=\"display:block; height:auto;\">\n\t\t\n<style>\n#gap-1992464649 {\n  padding-top: 20px;\n}\n<\/style>\n\t<\/div>\n\t\n<a href=\"http:\/\/dravillanueva.com\/medicina-estetica\/trato-personalizado\/\" target=\"_self\" class=\"button secondary is-outline lowercase\"  style=\"border-radius:99px;\">\n    <span>Leer m\u00e1s<\/span>\n  <\/a>\n\n\t\t<\/div>\n\t\t\t\t\t<\/div>\n\n\t\n\n\t<div id=\"col-1326316425\" class=\"col medium-3 small-12 large-3\"  >\n\t\t\t\t<div class=\"col-inner text-left\"  >\n\t\t\t\n\t\t\t\n\t<div class=\"img has-hover x md-x lg-x y md-y lg-y\" id=\"image_457588323\">\n\t\t\t\t\t\t\t\t<div class=\"img-inner image-cover dark\" style=\"padding-top:75%;\">\n\t\t\t<img loading=\"lazy\" decoding=\"async\" width=\"1020\" height=\"571\" src=\"https:\/\/dravillanueva.com\/medicina-estetica\/wp-content\/uploads\/resultados-naturales-1024x573.jpg\" class=\"attachment-large size-large\" alt=\"resultados naturales\" srcset=\"https:\/\/dravillanueva.com\/medicina-estetica\/wp-content\/uploads\/resultados-naturales-1024x573.jpg 1024w, https:\/\/dravillanueva.com\/medicina-estetica\/wp-content\/uploads\/resultados-naturales-300x168.jpg 300w, https:\/\/dravillanueva.com\/medicina-estetica\/wp-content\/uploads\/resultados-naturales-768x429.jpg 768w, https:\/\/dravillanueva.com\/medicina-estetica\/wp-content\/uploads\/resultados-naturales-600x336.jpg 600w, https:\/\/dravillanueva.com\/medicina-estetica\/wp-content\/uploads\/resultados-naturales-330x185.jpg 330w, https:\/\/dravillanueva.com\/medicina-estetica\/wp-content\/uploads\/resultados-naturales.jpg 1250w\" sizes=\"auto, (max-width: 1020px) 100vw, 1020px\" \/>\t\t\t\t\t\t\n\t\t\t\t\t<\/div>\n\t\t\t\t\t\t\t\t\n<style>\n#image_457588323 {\n  width: 100%;\n}\n<\/style>\n\t<\/div>\n\t\n\t\t<\/div>\n\t\t\t\t\t<\/div>\n\n\t\n\n\t<div id=\"col-1724520573\" class=\"col medium-3 small-12 large-3\"  >\n\t\t\t\t<div class=\"col-inner text-left\"  >\n\t\t\t\n\t\t\t\n\t<div id=\"gap-1305088079\" class=\"gap-element clearfix\" style=\"display:block; height:auto;\">\n\t\t\n<style>\n#gap-1305088079 {\n  padding-top: 20px;\n}\n<\/style>\n\t<\/div>\n\t\n<h4>Resultados Naturales<\/h4>\n<p>Para que los resultados sean excelentes, deben ser naturales; aspecto que siempre tenemos en cuenta, y que nuestros pacientes valoran.<\/p>\n\t<div id=\"gap-879896298\" class=\"gap-element clearfix\" style=\"display:block; height:auto;\">\n\t\t\n<style>\n#gap-879896298 {\n  padding-top: 20px;\n}\n<\/style>\n\t<\/div>\n\t\n<a href=\"http:\/\/dravillanueva.com\/medicina-estetica\/resultados-naturales\/\" target=\"_self\" class=\"button secondary is-outline lowercase\"  style=\"border-radius:99px;\">\n    <span>Leer m\u00e1s<\/span>\n  <\/a>\n\n\t\t<\/div>\n\t\t\t\t\t<\/div>\n\n\t\n<\/div>\n\t<div id=\"gap-1048190864\" class=\"gap-element clearfix\" style=\"display:block; height:auto;\">\n\t\t\n<style>\n#gap-1048190864 {\n  padding-top: 30px;\n}\n<\/style>\n\t<\/div>\n\t\n\t\t<\/div>\n\n\t\t\n<style>\n#section_1190682320 {\n  padding-top: 30px;\n  padding-bottom: 30px;\n  background-color: rgba(174, 174, 174, 0.1);\n}\n#section_1190682320 .ux-shape-divider--top svg {\n  height: 150px;\n  --divider-top-width: 100%;\n}\n#section_1190682320 .ux-shape-divider--bottom svg {\n  height: 150px;\n  --divider-width: 100%;\n}\n<\/style>\n\t<\/section>\n\t\n\n  <div class=\"banner has-hover\" id=\"banner-222344303\">\n          <div class=\"banner-inner fill\">\n        <div class=\"banner-bg fill\" >\n            <div class=\"bg fill bg-fill \"><\/div>\n                                    \n                    <\/div>\n\t\t\n        <div class=\"banner-layers container\">\n            <div class=\"fill banner-link\"><\/div>            \n   <div id=\"text-box-1039620261\" class=\"text-box banner-layer x50 md-x50 lg-x50 y50 md-y50 lg-y50 res-text\">\n                                <div class=\"text-box-content text dark\">\n              \n              <div class=\"text-inner text-center\">\n                  \n<h3><span style=\"font-size: 80%;\"><strong>P\u00eddenos cita llamando al +34 933 622 565<\/strong><\/span><\/h3>\n<h3><span style=\"font-size: 80%;\"><strong>o si lo prefieres d\u00e9janos un mensaje <\/strong><\/span><\/h3>\n\t<div id=\"gap-954706671\" class=\"gap-element clearfix\" style=\"display:block; height:auto;\">\n\t\t\n<style>\n#gap-954706671 {\n  padding-top: 30px;\n}\n<\/style>\n\t<\/div>\n\t\n<a href=\"http:\/\/dravillanueva.com\/medicina-estetica\/contactar\/\" target=\"_self\" class=\"button white is-outline\"  style=\"border-radius:99px;\">\n  <i class=\"icon-envelop\" ><\/i>  <span>Contactar<\/span>\n  <\/a>\n\n              <\/div>\n           <\/div>\n                            \n<style>\n#text-box-1039620261 {\n  width: 90%;\n}\n#text-box-1039620261 .text-box-content {\n  font-size: 120%;\n}\n@media (min-width:550px) {\n  #text-box-1039620261 .text-box-content {\n    font-size: 100%;\n  }\n}\n<\/style>\n    <\/div>\n \n        <\/div>\n      <\/div>\n\n            \n<style>\n#banner-222344303 {\n  padding-top: 300px;\n  background-color: rgb(174, 174, 174);\n}\n#banner-222344303 .ux-shape-divider--top svg {\n  height: 150px;\n  --divider-top-width: 100%;\n}\n#banner-222344303 .ux-shape-divider--bottom svg {\n  height: 150px;\n  --divider-width: 100%;\n}\n<\/style>\n  <\/div>\n\n\n","protected":false},"excerpt":{"rendered":"","protected":false},"author":4,"featured_media":11117,"parent":0,"menu_order":0,"comment_status":"closed","ping_status":"closed","template":"","meta":{"h5ap_radio_sources":[],"footnotes":""},"class_list":["post-9781","page","type-page","status-publish","has-post-thumbnail","hentry"],"yoast_head":"<!-- This site is optimized with the Yoast SEO plugin v27.5 - https:\/\/yoast.com\/product\/yoast-seo-wordpress\/ -->\n<title>Experiencia y formaci\u00f3n - Dravillanueva.com<\/title>\n<meta name=\"description\" content=\"Durante mi experiencia profesional, de m\u00e1s de 30 a\u00f1os dedicada a la Cirug\u00eda Pl\u00e1stica y a la Medicina Est\u00e9tica, he tenido la oportunidad de conocer...\" \/>\n<meta name=\"robots\" content=\"index, follow, max-snippet:-1, max-image-preview:large, max-video-preview:-1\" \/>\n<link rel=\"canonical\" href=\"https:\/\/dravillanueva.com\/medicina-estetica\/experiencia-y-formacion\/\" \/>\n<meta property=\"og:locale\" content=\"es_ES\" \/>\n<meta property=\"og:type\" content=\"article\" \/>\n<meta property=\"og:title\" content=\"Experiencia y formaci\u00f3n - Dravillanueva.com\" \/>\n<meta property=\"og:description\" content=\"Durante mi experiencia profesional, de m\u00e1s de 30 a\u00f1os dedicada a la Cirug\u00eda Pl\u00e1stica y a la Medicina Est\u00e9tica, he tenido la oportunidad de conocer...\" \/>\n<meta property=\"og:url\" content=\"https:\/\/dravillanueva.com\/medicina-estetica\/experiencia-y-formacion\/\" \/>\n<meta property=\"og:site_name\" content=\"Dravillanueva.com\" \/>\n<meta property=\"article:modified_time\" content=\"2020-02-05T11:31:30+00:00\" \/>\n<meta property=\"og:image\" content=\"https:\/\/dravillanueva.com\/medicina-estetica\/wp-content\/uploads\/Ponencia-sobre-rejuvenecimiento-de-la-mirada-1-1.jpg\" \/>\n\t<meta property=\"og:image:width\" content=\"1200\" \/>\n\t<meta property=\"og:image:height\" content=\"473\" \/>\n\t<meta property=\"og:image:type\" content=\"image\/jpeg\" \/>\n<meta name=\"twitter:card\" content=\"summary_large_image\" \/>\n<meta name=\"twitter:label1\" content=\"Tiempo de lectura\" \/>\n\t<meta name=\"twitter:data1\" content=\"3 minutos\" \/>\n<script type=\"application\/ld+json\" class=\"yoast-schema-graph\">{\"@context\":\"https:\\\/\\\/schema.org\",\"@graph\":[{\"@type\":\"WebPage\",\"@id\":\"https:\\\/\\\/dravillanueva.com\\\/medicina-estetica\\\/experiencia-y-formacion\\\/\",\"url\":\"https:\\\/\\\/dravillanueva.com\\\/medicina-estetica\\\/experiencia-y-formacion\\\/\",\"name\":\"Experiencia y formaci\u00f3n - Dravillanueva.com\",\"isPartOf\":{\"@id\":\"https:\\\/\\\/dravillanueva.com\\\/medicina-estetica\\\/#website\"},\"primaryImageOfPage\":{\"@id\":\"https:\\\/\\\/dravillanueva.com\\\/medicina-estetica\\\/experiencia-y-formacion\\\/#primaryimage\"},\"image\":{\"@id\":\"https:\\\/\\\/dravillanueva.com\\\/medicina-estetica\\\/experiencia-y-formacion\\\/#primaryimage\"},\"thumbnailUrl\":\"https:\\\/\\\/dravillanueva.com\\\/medicina-estetica\\\/wp-content\\\/uploads\\\/Ponencia-sobre-rejuvenecimiento-de-la-mirada-1-1.jpg\",\"datePublished\":\"2016-06-22T16:13:07+00:00\",\"dateModified\":\"2020-02-05T11:31:30+00:00\",\"description\":\"Durante mi experiencia profesional, de m\u00e1s de 30 a\u00f1os dedicada a la Cirug\u00eda Pl\u00e1stica y a la Medicina Est\u00e9tica, he tenido la oportunidad de conocer...\",\"breadcrumb\":{\"@id\":\"https:\\\/\\\/dravillanueva.com\\\/medicina-estetica\\\/experiencia-y-formacion\\\/#breadcrumb\"},\"inLanguage\":\"es\",\"potentialAction\":[{\"@type\":\"ReadAction\",\"target\":[\"https:\\\/\\\/dravillanueva.com\\\/medicina-estetica\\\/experiencia-y-formacion\\\/\"]}]},{\"@type\":\"ImageObject\",\"inLanguage\":\"es\",\"@id\":\"https:\\\/\\\/dravillanueva.com\\\/medicina-estetica\\\/experiencia-y-formacion\\\/#primaryimage\",\"url\":\"https:\\\/\\\/dravillanueva.com\\\/medicina-estetica\\\/wp-content\\\/uploads\\\/Ponencia-sobre-rejuvenecimiento-de-la-mirada-1-1.jpg\",\"contentUrl\":\"https:\\\/\\\/dravillanueva.com\\\/medicina-estetica\\\/wp-content\\\/uploads\\\/Ponencia-sobre-rejuvenecimiento-de-la-mirada-1-1.jpg\",\"width\":1200,\"height\":473,\"caption\":\"Ponencia sobre rejuvenecimiento de la mirada 1\"},{\"@type\":\"BreadcrumbList\",\"@id\":\"https:\\\/\\\/dravillanueva.com\\\/medicina-estetica\\\/experiencia-y-formacion\\\/#breadcrumb\",\"itemListElement\":[{\"@type\":\"ListItem\",\"position\":1,\"name\":\"Portada\",\"item\":\"https:\\\/\\\/dravillanueva.com\\\/medicina-estetica\\\/\"},{\"@type\":\"ListItem\",\"position\":2,\"name\":\"Experiencia y formaci\u00f3n\"}]},{\"@type\":\"WebSite\",\"@id\":\"https:\\\/\\\/dravillanueva.com\\\/medicina-estetica\\\/#website\",\"url\":\"https:\\\/\\\/dravillanueva.com\\\/medicina-estetica\\\/\",\"name\":\"Dravillanueva.com\",\"description\":\"Especialista en Medicina Est\u00e9tica\",\"potentialAction\":[{\"@type\":\"SearchAction\",\"target\":{\"@type\":\"EntryPoint\",\"urlTemplate\":\"https:\\\/\\\/dravillanueva.com\\\/medicina-estetica\\\/?s={search_term_string}\"},\"query-input\":{\"@type\":\"PropertyValueSpecification\",\"valueRequired\":true,\"valueName\":\"search_term_string\"}}],\"inLanguage\":\"es\"}]}<\/script>\n<!-- \/ Yoast SEO plugin. -->","yoast_head_json":{"title":"Experiencia y formaci\u00f3n - Dravillanueva.com","description":"Durante mi experiencia profesional, de m\u00e1s de 30 a\u00f1os dedicada a la Cirug\u00eda Pl\u00e1stica y a la Medicina Est\u00e9tica, he tenido la oportunidad de conocer...","robots":{"index":"index","follow":"follow","max-snippet":"max-snippet:-1","max-image-preview":"max-image-preview:large","max-video-preview":"max-video-preview:-1"},"canonical":"https:\/\/dravillanueva.com\/medicina-estetica\/experiencia-y-formacion\/","og_locale":"es_ES","og_type":"article","og_title":"Experiencia y formaci\u00f3n - Dravillanueva.com","og_description":"Durante mi experiencia profesional, de m\u00e1s de 30 a\u00f1os dedicada a la Cirug\u00eda Pl\u00e1stica y a la Medicina Est\u00e9tica, he tenido la oportunidad de conocer...","og_url":"https:\/\/dravillanueva.com\/medicina-estetica\/experiencia-y-formacion\/","og_site_name":"Dravillanueva.com","article_modified_time":"2020-02-05T11:31:30+00:00","og_image":[{"width":1200,"height":473,"url":"https:\/\/dravillanueva.com\/medicina-estetica\/wp-content\/uploads\/Ponencia-sobre-rejuvenecimiento-de-la-mirada-1-1.jpg","type":"image\/jpeg"}],"twitter_card":"summary_large_image","twitter_misc":{"Tiempo de lectura":"3 minutos"},"schema":{"@context":"https:\/\/schema.org","@graph":[{"@type":"WebPage","@id":"https:\/\/dravillanueva.com\/medicina-estetica\/experiencia-y-formacion\/","url":"https:\/\/dravillanueva.com\/medicina-estetica\/experiencia-y-formacion\/","name":"Experiencia y formaci\u00f3n - Dravillanueva.com","isPartOf":{"@id":"https:\/\/dravillanueva.com\/medicina-estetica\/#website"},"primaryImageOfPage":{"@id":"https:\/\/dravillanueva.com\/medicina-estetica\/experiencia-y-formacion\/#primaryimage"},"image":{"@id":"https:\/\/dravillanueva.com\/medicina-estetica\/experiencia-y-formacion\/#primaryimage"},"thumbnailUrl":"https:\/\/dravillanueva.com\/medicina-estetica\/wp-content\/uploads\/Ponencia-sobre-rejuvenecimiento-de-la-mirada-1-1.jpg","datePublished":"2016-06-22T16:13:07+00:00","dateModified":"2020-02-05T11:31:30+00:00","description":"Durante mi experiencia profesional, de m\u00e1s de 30 a\u00f1os dedicada a la Cirug\u00eda Pl\u00e1stica y a la Medicina Est\u00e9tica, he tenido la oportunidad de conocer...","breadcrumb":{"@id":"https:\/\/dravillanueva.com\/medicina-estetica\/experiencia-y-formacion\/#breadcrumb"},"inLanguage":"es","potentialAction":[{"@type":"ReadAction","target":["https:\/\/dravillanueva.com\/medicina-estetica\/experiencia-y-formacion\/"]}]},{"@type":"ImageObject","inLanguage":"es","@id":"https:\/\/dravillanueva.com\/medicina-estetica\/experiencia-y-formacion\/#primaryimage","url":"https:\/\/dravillanueva.com\/medicina-estetica\/wp-content\/uploads\/Ponencia-sobre-rejuvenecimiento-de-la-mirada-1-1.jpg","contentUrl":"https:\/\/dravillanueva.com\/medicina-estetica\/wp-content\/uploads\/Ponencia-sobre-rejuvenecimiento-de-la-mirada-1-1.jpg","width":1200,"height":473,"caption":"Ponencia sobre rejuvenecimiento de la mirada 1"},{"@type":"BreadcrumbList","@id":"https:\/\/dravillanueva.com\/medicina-estetica\/experiencia-y-formacion\/#breadcrumb","itemListElement":[{"@type":"ListItem","position":1,"name":"Portada","item":"https:\/\/dravillanueva.com\/medicina-estetica\/"},{"@type":"ListItem","position":2,"name":"Experiencia y formaci\u00f3n"}]},{"@type":"WebSite","@id":"https:\/\/dravillanueva.com\/medicina-estetica\/#website","url":"https:\/\/dravillanueva.com\/medicina-estetica\/","name":"Dravillanueva.com","description":"Especialista en Medicina Est\u00e9tica","potentialAction":[{"@type":"SearchAction","target":{"@type":"EntryPoint","urlTemplate":"https:\/\/dravillanueva.com\/medicina-estetica\/?s={search_term_string}"},"query-input":{"@type":"PropertyValueSpecification","valueRequired":true,"valueName":"search_term_string"}}],"inLanguage":"es"}]}},"amp_enabled":true,"_links":{"self":[{"href":"https:\/\/dravillanueva.com\/medicina-estetica\/wp-json\/wp\/v2\/pages\/9781","targetHints":{"allow":["GET"]}}],"collection":[{"href":"https:\/\/dravillanueva.com\/medicina-estetica\/wp-json\/wp\/v2\/pages"}],"about":[{"href":"https:\/\/dravillanueva.com\/medicina-estetica\/wp-json\/wp\/v2\/types\/page"}],"author":[{"embeddable":true,"href":"https:\/\/dravillanueva.com\/medicina-estetica\/wp-json\/wp\/v2\/users\/4"}],"replies":[{"embeddable":true,"href":"https:\/\/dravillanueva.com\/medicina-estetica\/wp-json\/wp\/v2\/comments?post=9781"}],"version-history":[{"count":4,"href":"https:\/\/dravillanueva.com\/medicina-estetica\/wp-json\/wp\/v2\/pages\/9781\/revisions"}],"predecessor-version":[{"id":14526,"href":"https:\/\/dravillanueva.com\/medicina-estetica\/wp-json\/wp\/v2\/pages\/9781\/revisions\/14526"}],"wp:featuredmedia":[{"embeddable":true,"href":"https:\/\/dravillanueva.com\/medicina-estetica\/wp-json\/wp\/v2\/media\/11117"}],"wp:attachment":[{"href":"https:\/\/dravillanueva.com\/medicina-estetica\/wp-json\/wp\/v2\/media?parent=9781"}],"curies":[{"name":"wp","href":"https:\/\/api.w.org\/{rel}","templated":true}]}}