
{"id":14658,"date":"2020-02-07T13:48:13","date_gmt":"2020-02-07T11:48:13","guid":{"rendered":"http:\/\/dravillanueva.com\/medicina-estetica\/?page_id=14658"},"modified":"2020-05-25T10:08:25","modified_gmt":"2020-05-25T08:08:25","slug":"cuello","status":"publish","type":"page","link":"https:\/\/dravillanueva.com\/medicina-estetica\/cuello\/","title":{"rendered":"Cuello"},"content":{"rendered":"  <div id=\"page-header-1639981839\" class=\"page-header-wrapper\">\n  <div class=\"page-title dark featured-title\">\n\n        <div class=\"page-title-bg\">\n      <div class=\"title-bg fill bg-fill\"\n        data-parallax-container=\".page-title\"\n        data-parallax-background\n        data-parallax=\"-\">\n      <\/div>\n      <div class=\"title-overlay fill\"><\/div>\n    <\/div>\n    \n    <div class=\"page-title-inner container align-bottom text-center flex-row-col medium-flex-wrap\" >\n              <div class=\"title-wrapper is-xlarge flex-col\">\n          <h1 class=\"entry-title mb-0\">\n            Cuello          <\/h1>\n        <\/div>\n                    <div class=\"title-content flex-col\">\n        <div class=\"title-breadcrumbs pb-half pt-half\"><\/div>      <\/div>\n    <\/div>\n\n     \n<style>\n#page-header-1639981839 .page-title-inner {\n  min-height: 300px;\n}\n#page-header-1639981839 .title-bg {\n  background-image: url(https:\/\/dravillanueva.com\/medicina-estetica\/wp-content\/uploads\/DraV-cuello-2.png);\n  background-position: 37% 62%;\n}\n#page-header-1639981839 .title-overlay {\n  background-color: rgba(0, 0, 0, 0.5);\n}\n<\/style>\n  <\/div>\n    <\/div>\n  \n\t<div id=\"gap-1947242757\" class=\"gap-element clearfix\" style=\"display:block; height:auto;\">\n\t\t\n<style>\n#gap-1947242757 {\n  padding-top: 80px;\n}\n<\/style>\n\t<\/div>\n\t\n<div class=\"row\"  id=\"row-1852526671\">\n\n\t<div id=\"col-1921199945\" class=\"col small-12 large-12\"  >\n\t\t\t\t<div class=\"col-inner\"  >\n\t\t\t\n\t\t\t\n<p>La piel del cuello es una piel muy fina, no tiene gl\u00e1ndulas seb\u00e1ceas ni sudor\u00edparas y tiene poco tejido celular subcut\u00e1neo, es por ello que el cuello responde peor a los tratamientos de los que disponemos en medicina est\u00e9tica, que la cara, por lo que la prevenci\u00f3n de su envejecimiento es particularmente importante. Al envejecer presenta varios fen\u00f3menos:<\/p>\n\t<div id=\"gap-1312035685\" class=\"gap-element clearfix\" style=\"display:block; height:auto;\">\n\t\t\n<style>\n#gap-1312035685 {\n  padding-top: 50px;\n}\n<\/style>\n\t<\/div>\n\t\n<p><strong>1. Adelgazamiento de la piel, lo que produce arrugas y descolgamiento<\/strong><\/p>\n<p><strong>Tratamiento:<\/strong> &#8211; Biorevitalizaci\u00f3n cut\u00e1nea con \u00e1cido hialur\u00f3nico, p\u00e9ptidos biomim\u00e9ticos y estimuladores de la neocolagenesis. En general la mayor\u00eda de tratamientos buscan regenerar la piel, esto quiere decir que buscamos que nuestras propias c\u00e9lulas fabriquen m\u00e1s \u00e1cido hialur\u00f3nico, col\u00e1geno y elastina propias y se regeneren mas deprisa creando un entorno mas sano.<\/p>\n<p>La biorevitalizaci\u00f3n consiste en la inyecci\u00f3n de estas sustancias en la dermis del cuello mediante una aguja muy fina o una c\u00e1nula roma para producir este efecto de regeneraci\u00f3n que mejora la calidad de la piel. Generalmente son necesarias varias sesiones de 2 a 4 al a\u00f1o.<\/p>\n<p>\u00a0<\/p>\n<p><strong>2. Crecimiento del paquete graso submentoniano con la aparici\u00f3n de papada.<\/strong><\/p>\n<p><strong>Tratamiento:<\/strong> Esta indicado en personas que tienen un exceso de grasa en la papada. Consiste en la inyecci\u00f3n mediante una aguja muy fina de sustancias que disuelven la grasa, pueden ser necesarias varias sesiones con 2 meses de intervalo.<\/p>\n<p>\u00a0<\/p>\n<p><strong>3. Aparici\u00f3n de manchas espec\u00edficas de la piel del cuello como la Poiquilodermia de Civatte y manchas de envejecimiento<\/strong><\/p>\n<p><strong>Tratamiento:<\/strong> IPL, la Luz Pulsada Intensa mejora las pigmentaciones y a la vez estimula la formaci\u00f3n de col\u00e1geno y elastina contribuyendo a dar firmeza y elasticidad a la piel del cuello.<\/p>\n<p>\u00a0<\/p>\n<p><strong>4. Aparici\u00f3n de bandas hipertrofiadas de la musculatura que aparecen como bandas verticales la piel del cuello.<\/strong><\/p>\n<p><strong>Tratamiento: <\/strong>Se pueden prevenir y tratar mediante la aplicaci\u00f3n de toxina botul\u00ednica, tambi\u00e9n pueden tratarse con toxina las arrugas horizontales, este tratamiento previene mucho el envejecimiento del cuello, pero ya no es efectivo si est\u00e1 muy deteriorado. Son necesarias 2 sesiones anuales.<\/p>\n<p>\u00a0<\/p>\n<p><strong>5. Descolgamiento de la piel del cuello:<\/strong><\/p>\n<p><strong>Tratamiento: <\/strong>Hilos tensores junto con los otros tratamientos mencionados, efectivos si no hay mucho descolgamiento, si hay mucho, el \u00fanico tratamiento efectivo ser\u00e1 el tratamiento quir\u00fargico. Normalmente es un tratamiento anual.<\/p>\n\t<div id=\"gap-161082408\" class=\"gap-element clearfix\" style=\"display:block; height:auto;\">\n\t\t\n<style>\n#gap-161082408 {\n  padding-top: 50px;\n}\n<\/style>\n\t<\/div>\n\t\n<blockquote>\n<p>Muchas veces no cuidamos nuestro cuello y escote igual que cuidamos la cara y por ello a veces estos delatan nuestra edad. En casa debemos cuidarlos igual que cuidamos la cara con los cuatro pasos que siempre recomendamos de limpieza, tratamiento espec\u00edfico, hidrataci\u00f3n y protecci\u00f3n si es posible con una crema espec\u00edfica sino, la crema de la cara es totalmente recomendable para el cuello tambi\u00e9n.<\/p>\n<\/blockquote>\n\t\t<\/div>\n\t\t\t\t\t<\/div>\n\n\t\n<\/div>\n\t<div id=\"gap-880776826\" class=\"gap-element clearfix\" style=\"display:block; height:auto;\">\n\t\t\n<style>\n#gap-880776826 {\n  padding-top: 60px;\n}\n<\/style>\n\t<\/div>\n\t\n\t<section class=\"section\" id=\"section_98456819\">\n\t\t<div class=\"bg section-bg fill bg-fill  bg-loaded\" >\n\n\t\t\t\n\t\t\t\n\t\t\t\n\n\t\t<\/div>\n\n\t\t\n\n\t\t<div class=\"section-content relative\">\n\t\t\t\n<h2 style=\"text-align: center;\"><span style=\"font-size: 120%;\">Art\u00edculos relacionados<\/span><\/h2>\n\t<div id=\"gap-601438308\" class=\"gap-element clearfix\" style=\"display:block; height:auto;\">\n\t\t\n<style>\n#gap-601438308 {\n  padding-top: 15px;\n}\n<\/style>\n\t<\/div>\n\t\n<div class=\"row\"  id=\"row-1368319431\">\n\n\t<div id=\"col-591044983\" class=\"col medium-6 small-12 large-6\"  >\n\t\t\t\t<div class=\"col-inner text-center\"  >\n\t\t\t\n\t\t\t\n\n  <div class=\"banner has-hover bg-zoom bg-overlay-remove-50\" id=\"banner-1755703269\">\n          <div class=\"banner-inner fill\">\n        <div class=\"banner-bg fill\" >\n            <div class=\"bg fill bg-fill \"><\/div>\n                        <div class=\"overlay\"><\/div>            \n                    <\/div>\n\t\t\n        <div class=\"banner-layers container\">\n            <a class=\"fill\" href=\"http:\/\/dravillanueva.com\/medicina-estetica\/tratamientos-laser-ipl-resurfx\/\"  ><div class=\"fill banner-link\"><\/div><\/a>            \n   <div id=\"text-box-1242238210\" class=\"text-box banner-layer x50 md-x50 lg-x50 y80 md-y80 lg-y80 res-text\">\n                                <div class=\"text-box-content text dark\">\n              \n              <div class=\"text-inner text-center\">\n                  \n<h4 class=\"uppercase\">Tratamientos Laser IPL y Resurfx<\/p>\n<\/h4>\n              <\/div>\n           <\/div>\n                            \n<style>\n#text-box-1242238210 {\n  width: 60%;\n}\n#text-box-1242238210 .text-box-content {\n  font-size: 100%;\n}\n<\/style>\n    <\/div>\n \n        <\/div>\n      <\/div>\n\n            \n<style>\n#banner-1755703269 {\n  padding-top: 300px;\n}\n#banner-1755703269 .bg.bg-loaded {\n  background-image: url(https:\/\/dravillanueva.com\/medicina-estetica\/wp-content\/uploads\/Tratamientos-Laser-IPL-y-Resurfx-1024x1024.jpg);\n}\n#banner-1755703269 .overlay {\n  background-color: rgba(0,0,0,.5);\n}\n#banner-1755703269 .bg {\n  background-position: 86% 37%;\n}\n#banner-1755703269 .ux-shape-divider--top svg {\n  height: 150px;\n  --divider-top-width: 100%;\n}\n#banner-1755703269 .ux-shape-divider--bottom svg {\n  height: 150px;\n  --divider-width: 100%;\n}\n<\/style>\n  <\/div>\n\n\n\t<div id=\"gap-1800963536\" class=\"gap-element clearfix\" style=\"display:block; height:auto;\">\n\t\t\n<style>\n#gap-1800963536 {\n  padding-top: 30px;\n}\n<\/style>\n\t<\/div>\n\t\n\t\t<\/div>\n\t\t\t\t\t<\/div>\n\n\t\n\n\t<div id=\"col-33363320\" class=\"col medium-6 small-12 large-6\"  >\n\t\t\t\t<div class=\"col-inner text-center\"  >\n\t\t\t\n\t\t\t\n\n  <div class=\"banner has-hover bg-zoom bg-overlay-remove-50\" id=\"banner-1009935101\">\n          <div class=\"banner-inner fill\">\n        <div class=\"banner-bg fill\" >\n            <div class=\"bg fill bg-fill \"><\/div>\n                        <div class=\"overlay\"><\/div>            \n                    <\/div>\n\t\t\n        <div class=\"banner-layers container\">\n            <a class=\"fill\" href=\"http:\/\/dravillanueva.com\/medicina-estetica\/tecnicas-tratamientos-esteticos-mas-punteros\/\"  ><div class=\"fill banner-link\"><\/div><\/a>            \n   <div id=\"text-box-1386430839\" class=\"text-box banner-layer x50 md-x50 lg-x50 y80 md-y80 lg-y80 res-text\">\n                                <div class=\"text-box-content text dark\">\n              \n              <div class=\"text-inner text-center\">\n                  \n<h4 class=\"uppercase\">T\u00e9cnicas y Tratamientos Est\u00e9ticos m\u00e1s Punteros<\/p>\n<\/h4>\n              <\/div>\n           <\/div>\n                            \n<style>\n#text-box-1386430839 {\n  width: 60%;\n}\n#text-box-1386430839 .text-box-content {\n  font-size: 100%;\n}\n<\/style>\n    <\/div>\n \n        <\/div>\n      <\/div>\n\n            \n<style>\n#banner-1009935101 {\n  padding-top: 300px;\n}\n#banner-1009935101 .bg.bg-loaded {\n  background-image: url(https:\/\/dravillanueva.com\/medicina-estetica\/wp-content\/uploads\/tecnicas-y-tratamientos-mas-punteros-2-1024x659.jpg);\n}\n#banner-1009935101 .overlay {\n  background-color: rgba(0,0,0,.5);\n}\n#banner-1009935101 .bg {\n  background-position: 17% 48%;\n}\n#banner-1009935101 .ux-shape-divider--top svg {\n  height: 150px;\n  --divider-top-width: 100%;\n}\n#banner-1009935101 .ux-shape-divider--bottom svg {\n  height: 150px;\n  --divider-width: 100%;\n}\n<\/style>\n  <\/div>\n\n\n\t<div id=\"gap-1265548657\" class=\"gap-element clearfix\" style=\"display:block; height:auto;\">\n\t\t\n<style>\n#gap-1265548657 {\n  padding-top: 30px;\n}\n<\/style>\n\t<\/div>\n\t\n\t\t<\/div>\n\t\t\t\t\t<\/div>\n\n\t\n<\/div>\n\t\t<\/div>\n\n\t\t\n<style>\n#section_98456819 {\n  padding-top: 45px;\n  padding-bottom: 45px;\n  background-color: rgb(255,255,255);\n}\n#section_98456819 .ux-shape-divider--top svg {\n  height: 150px;\n  --divider-top-width: 100%;\n}\n#section_98456819 .ux-shape-divider--bottom svg {\n  height: 150px;\n  --divider-width: 100%;\n}\n<\/style>\n\t<\/section>\n\t\n\n  <div class=\"banner has-hover\" id=\"banner-31452873\">\n          <div class=\"banner-inner fill\">\n        <div class=\"banner-bg fill\" >\n            <div class=\"bg fill bg-fill \"><\/div>\n                                    \n                    <\/div>\n\t\t\n        <div class=\"banner-layers container\">\n            <div class=\"fill banner-link\"><\/div>            \n   <div id=\"text-box-838373214\" class=\"text-box banner-layer x50 md-x50 lg-x50 y50 md-y50 lg-y50 res-text\">\n                                <div class=\"text-box-content text dark\">\n              \n              <div class=\"text-inner text-center\">\n                  \n<h3><span style=\"font-size: 85%;\">Pide tu cita llamando al\u00a0933 622 565 o si lo prefieres contacta con nosotros.<\/span><\/h3>\n\t<div id=\"gap-207372625\" class=\"gap-element clearfix\" style=\"display:block; height:auto;\">\n\t\t\n<style>\n#gap-207372625 {\n  padding-top: 30px;\n}\n<\/style>\n\t<\/div>\n\t\n<a href=\"http:\/\/dravillanueva.com\/medicina-estetica\/contactar\/\" target=\"_self\" class=\"button white is-outline\"  style=\"border-radius:99px;\">\n    <span>quiero enviar un mensaje<\/span>\n  <\/a>\n\n              <\/div>\n           <\/div>\n                            \n<style>\n#text-box-838373214 {\n  width: 90%;\n}\n#text-box-838373214 .text-box-content {\n  font-size: 100%;\n}\n@media (min-width:550px) {\n  #text-box-838373214 {\n    width: 48%;\n  }\n}\n<\/style>\n    <\/div>\n \n        <\/div>\n      <\/div>\n\n            \n<style>\n#banner-31452873 {\n  padding-top: 225px;\n  background-color: rgb(210, 110, 75);\n}\n#banner-31452873 .ux-shape-divider--top svg {\n  height: 150px;\n  --divider-top-width: 100%;\n}\n#banner-31452873 .ux-shape-divider--bottom svg {\n  height: 150px;\n  --divider-width: 100%;\n}\n@media (min-width:550px) {\n  #banner-31452873 {\n    padding-top: 300px;\n  }\n}\n<\/style>\n  <\/div>\n\n\n","protected":false},"excerpt":{"rendered":"","protected":false},"author":4,"featured_media":14983,"parent":0,"menu_order":0,"comment_status":"open","ping_status":"closed","template":"","meta":{"h5ap_radio_sources":[],"footnotes":""},"class_list":["post-14658","page","type-page","status-publish","has-post-thumbnail","hentry"],"yoast_head":"<!-- This site is optimized with the Yoast SEO plugin v27.5 - https:\/\/yoast.com\/product\/yoast-seo-wordpress\/ -->\n<title>Cuello - Dravillanueva.com<\/title>\n<meta name=\"description\" content=\"La piel del cuello es una piel muy fina, no tiene gl\u00e1ndulas seb\u00e1ceas ni sudor\u00edparas y tiene poco tejido celular subcut\u00e1neo, es por ello que el cuello...\" \/>\n<meta name=\"robots\" content=\"index, follow, max-snippet:-1, max-image-preview:large, max-video-preview:-1\" \/>\n<link rel=\"canonical\" href=\"https:\/\/dravillanueva.com\/medicina-estetica\/cuello\/\" \/>\n<meta property=\"og:locale\" content=\"es_ES\" \/>\n<meta property=\"og:type\" content=\"article\" \/>\n<meta property=\"og:title\" content=\"Cuello - Dravillanueva.com\" \/>\n<meta property=\"og:description\" content=\"La piel del cuello es una piel muy fina, no tiene gl\u00e1ndulas seb\u00e1ceas ni sudor\u00edparas y tiene poco tejido celular subcut\u00e1neo, es por ello que el cuello...\" \/>\n<meta property=\"og:url\" content=\"https:\/\/dravillanueva.com\/medicina-estetica\/cuello\/\" \/>\n<meta property=\"og:site_name\" content=\"Dravillanueva.com\" \/>\n<meta property=\"article:modified_time\" content=\"2020-05-25T08:08:25+00:00\" \/>\n<meta property=\"og:image\" content=\"https:\/\/dravillanueva.com\/medicina-estetica\/wp-content\/uploads\/DraV-cuello-2.png\" \/>\n\t<meta property=\"og:image:width\" content=\"1250\" \/>\n\t<meta property=\"og:image:height\" content=\"833\" \/>\n\t<meta property=\"og:image:type\" content=\"image\/png\" \/>\n<meta name=\"twitter:card\" content=\"summary_large_image\" \/>\n<meta name=\"twitter:label1\" content=\"Tiempo de lectura\" \/>\n\t<meta name=\"twitter:data1\" content=\"3 minutos\" \/>\n<script type=\"application\/ld+json\" class=\"yoast-schema-graph\">{\"@context\":\"https:\\\/\\\/schema.org\",\"@graph\":[{\"@type\":\"WebPage\",\"@id\":\"https:\\\/\\\/dravillanueva.com\\\/medicina-estetica\\\/cuello\\\/\",\"url\":\"https:\\\/\\\/dravillanueva.com\\\/medicina-estetica\\\/cuello\\\/\",\"name\":\"Cuello - Dravillanueva.com\",\"isPartOf\":{\"@id\":\"https:\\\/\\\/dravillanueva.com\\\/medicina-estetica\\\/#website\"},\"primaryImageOfPage\":{\"@id\":\"https:\\\/\\\/dravillanueva.com\\\/medicina-estetica\\\/cuello\\\/#primaryimage\"},\"image\":{\"@id\":\"https:\\\/\\\/dravillanueva.com\\\/medicina-estetica\\\/cuello\\\/#primaryimage\"},\"thumbnailUrl\":\"https:\\\/\\\/dravillanueva.com\\\/medicina-estetica\\\/wp-content\\\/uploads\\\/DraV-cuello-2.png\",\"datePublished\":\"2020-02-07T11:48:13+00:00\",\"dateModified\":\"2020-05-25T08:08:25+00:00\",\"description\":\"La piel del cuello es una piel muy fina, no tiene gl\u00e1ndulas seb\u00e1ceas ni sudor\u00edparas y tiene poco tejido celular subcut\u00e1neo, es por ello que el cuello...\",\"breadcrumb\":{\"@id\":\"https:\\\/\\\/dravillanueva.com\\\/medicina-estetica\\\/cuello\\\/#breadcrumb\"},\"inLanguage\":\"es\",\"potentialAction\":[{\"@type\":\"ReadAction\",\"target\":[\"https:\\\/\\\/dravillanueva.com\\\/medicina-estetica\\\/cuello\\\/\"]}]},{\"@type\":\"ImageObject\",\"inLanguage\":\"es\",\"@id\":\"https:\\\/\\\/dravillanueva.com\\\/medicina-estetica\\\/cuello\\\/#primaryimage\",\"url\":\"https:\\\/\\\/dravillanueva.com\\\/medicina-estetica\\\/wp-content\\\/uploads\\\/DraV-cuello-2.png\",\"contentUrl\":\"https:\\\/\\\/dravillanueva.com\\\/medicina-estetica\\\/wp-content\\\/uploads\\\/DraV-cuello-2.png\",\"width\":1250,\"height\":833},{\"@type\":\"BreadcrumbList\",\"@id\":\"https:\\\/\\\/dravillanueva.com\\\/medicina-estetica\\\/cuello\\\/#breadcrumb\",\"itemListElement\":[{\"@type\":\"ListItem\",\"position\":1,\"name\":\"Portada\",\"item\":\"https:\\\/\\\/dravillanueva.com\\\/medicina-estetica\\\/\"},{\"@type\":\"ListItem\",\"position\":2,\"name\":\"Cuello\"}]},{\"@type\":\"WebSite\",\"@id\":\"https:\\\/\\\/dravillanueva.com\\\/medicina-estetica\\\/#website\",\"url\":\"https:\\\/\\\/dravillanueva.com\\\/medicina-estetica\\\/\",\"name\":\"Dravillanueva.com\",\"description\":\"Especialista en Medicina Est\u00e9tica\",\"potentialAction\":[{\"@type\":\"SearchAction\",\"target\":{\"@type\":\"EntryPoint\",\"urlTemplate\":\"https:\\\/\\\/dravillanueva.com\\\/medicina-estetica\\\/?s={search_term_string}\"},\"query-input\":{\"@type\":\"PropertyValueSpecification\",\"valueRequired\":true,\"valueName\":\"search_term_string\"}}],\"inLanguage\":\"es\"}]}<\/script>\n<!-- \/ Yoast SEO plugin. -->","yoast_head_json":{"title":"Cuello - Dravillanueva.com","description":"La piel del cuello es una piel muy fina, no tiene gl\u00e1ndulas seb\u00e1ceas ni sudor\u00edparas y tiene poco tejido celular subcut\u00e1neo, es por ello que el cuello...","robots":{"index":"index","follow":"follow","max-snippet":"max-snippet:-1","max-image-preview":"max-image-preview:large","max-video-preview":"max-video-preview:-1"},"canonical":"https:\/\/dravillanueva.com\/medicina-estetica\/cuello\/","og_locale":"es_ES","og_type":"article","og_title":"Cuello - Dravillanueva.com","og_description":"La piel del cuello es una piel muy fina, no tiene gl\u00e1ndulas seb\u00e1ceas ni sudor\u00edparas y tiene poco tejido celular subcut\u00e1neo, es por ello que el cuello...","og_url":"https:\/\/dravillanueva.com\/medicina-estetica\/cuello\/","og_site_name":"Dravillanueva.com","article_modified_time":"2020-05-25T08:08:25+00:00","og_image":[{"width":1250,"height":833,"url":"https:\/\/dravillanueva.com\/medicina-estetica\/wp-content\/uploads\/DraV-cuello-2.png","type":"image\/png"}],"twitter_card":"summary_large_image","twitter_misc":{"Tiempo de lectura":"3 minutos"},"schema":{"@context":"https:\/\/schema.org","@graph":[{"@type":"WebPage","@id":"https:\/\/dravillanueva.com\/medicina-estetica\/cuello\/","url":"https:\/\/dravillanueva.com\/medicina-estetica\/cuello\/","name":"Cuello - Dravillanueva.com","isPartOf":{"@id":"https:\/\/dravillanueva.com\/medicina-estetica\/#website"},"primaryImageOfPage":{"@id":"https:\/\/dravillanueva.com\/medicina-estetica\/cuello\/#primaryimage"},"image":{"@id":"https:\/\/dravillanueva.com\/medicina-estetica\/cuello\/#primaryimage"},"thumbnailUrl":"https:\/\/dravillanueva.com\/medicina-estetica\/wp-content\/uploads\/DraV-cuello-2.png","datePublished":"2020-02-07T11:48:13+00:00","dateModified":"2020-05-25T08:08:25+00:00","description":"La piel del cuello es una piel muy fina, no tiene gl\u00e1ndulas seb\u00e1ceas ni sudor\u00edparas y tiene poco tejido celular subcut\u00e1neo, es por ello que el cuello...","breadcrumb":{"@id":"https:\/\/dravillanueva.com\/medicina-estetica\/cuello\/#breadcrumb"},"inLanguage":"es","potentialAction":[{"@type":"ReadAction","target":["https:\/\/dravillanueva.com\/medicina-estetica\/cuello\/"]}]},{"@type":"ImageObject","inLanguage":"es","@id":"https:\/\/dravillanueva.com\/medicina-estetica\/cuello\/#primaryimage","url":"https:\/\/dravillanueva.com\/medicina-estetica\/wp-content\/uploads\/DraV-cuello-2.png","contentUrl":"https:\/\/dravillanueva.com\/medicina-estetica\/wp-content\/uploads\/DraV-cuello-2.png","width":1250,"height":833},{"@type":"BreadcrumbList","@id":"https:\/\/dravillanueva.com\/medicina-estetica\/cuello\/#breadcrumb","itemListElement":[{"@type":"ListItem","position":1,"name":"Portada","item":"https:\/\/dravillanueva.com\/medicina-estetica\/"},{"@type":"ListItem","position":2,"name":"Cuello"}]},{"@type":"WebSite","@id":"https:\/\/dravillanueva.com\/medicina-estetica\/#website","url":"https:\/\/dravillanueva.com\/medicina-estetica\/","name":"Dravillanueva.com","description":"Especialista en Medicina Est\u00e9tica","potentialAction":[{"@type":"SearchAction","target":{"@type":"EntryPoint","urlTemplate":"https:\/\/dravillanueva.com\/medicina-estetica\/?s={search_term_string}"},"query-input":{"@type":"PropertyValueSpecification","valueRequired":true,"valueName":"search_term_string"}}],"inLanguage":"es"}]}},"amp_enabled":true,"_links":{"self":[{"href":"https:\/\/dravillanueva.com\/medicina-estetica\/wp-json\/wp\/v2\/pages\/14658","targetHints":{"allow":["GET"]}}],"collection":[{"href":"https:\/\/dravillanueva.com\/medicina-estetica\/wp-json\/wp\/v2\/pages"}],"about":[{"href":"https:\/\/dravillanueva.com\/medicina-estetica\/wp-json\/wp\/v2\/types\/page"}],"author":[{"embeddable":true,"href":"https:\/\/dravillanueva.com\/medicina-estetica\/wp-json\/wp\/v2\/users\/4"}],"replies":[{"embeddable":true,"href":"https:\/\/dravillanueva.com\/medicina-estetica\/wp-json\/wp\/v2\/comments?post=14658"}],"version-history":[{"count":8,"href":"https:\/\/dravillanueva.com\/medicina-estetica\/wp-json\/wp\/v2\/pages\/14658\/revisions"}],"predecessor-version":[{"id":15171,"href":"https:\/\/dravillanueva.com\/medicina-estetica\/wp-json\/wp\/v2\/pages\/14658\/revisions\/15171"}],"wp:featuredmedia":[{"embeddable":true,"href":"https:\/\/dravillanueva.com\/medicina-estetica\/wp-json\/wp\/v2\/media\/14983"}],"wp:attachment":[{"href":"https:\/\/dravillanueva.com\/medicina-estetica\/wp-json\/wp\/v2\/media?parent=14658"}],"curies":[{"name":"wp","href":"https:\/\/api.w.org\/{rel}","templated":true}]}}